{"id":10008,"date":"2025-06-12T18:00:02","date_gmt":"2025-06-12T21:00:02","guid":{"rendered":"https:\/\/atimilplast.com.br\/loja\/?page_id=10008"},"modified":"2025-09-02T13:19:54","modified_gmt":"2025-09-02T16:19:54","slug":"carros-funcionais","status":"publish","type":"page","link":"https:\/\/atimilplast.com.br\/loja\/produtos\/carros-funcionais\/","title":{"rendered":"Carros funcionais"},"content":{"rendered":"\t\t<div data-elementor-type=\"wp-page\" data-elementor-id=\"10008\" class=\"elementor elementor-10008\" data-elementor-post-type=\"page\">\n\t\t\t\t<div class=\"elementor-element elementor-element-8a4afde e-flex e-con-boxed e-con e-parent\" data-id=\"8a4afde\" data-element_type=\"container\" data-e-type=\"container\">\n\t\t\t\t\t<div class=\"e-con-inner\">\n\t\t\t\t<div class=\"elementor-element elementor-element-9fd883e elementor-widget elementor-widget-woocommerce-breadcrumb\" data-id=\"9fd883e\" data-element_type=\"widget\" data-e-type=\"widget\" data-widget_type=\"woocommerce-breadcrumb.default\">\n\t\t\t\t<div class=\"elementor-widget-container\">\n\t\t\t\t\t<section id=\"tbay-breadcrumb\"  class=\"tbay-breadcrumb  breadcrumbs-color\"><div class=\"container \"><div class=\"breadscrumb-inner\"><ol class=\"tbay-woocommerce-breadcrumb breadcrumb\"><li>In\u00edcio<\/li><\/ol><\/div><\/div><\/section>\t\t\t\t<\/div>\n\t\t\t\t<\/div>\n\t\t\t\t<div class=\"elementor-element elementor-element-2667404 elementor-widget elementor-widget-heading\" data-id=\"2667404\" data-element_type=\"widget\" data-e-type=\"widget\" data-widget_type=\"heading.default\">\n\t\t\t\t<div class=\"elementor-widget-container\">\n\t\t\t\t\t<h2 class=\"elementor-heading-title elementor-size-default\">Carros funcionais<\/h2>\t\t\t\t<\/div>\n\t\t\t\t<\/div>\n\t\t\t\t\t<\/div>\n\t\t\t\t<\/div>\n\t\t<div class=\"elementor-element elementor-element-80d7e4d e-flex e-con-boxed e-con e-parent\" data-id=\"80d7e4d\" data-element_type=\"container\" data-e-type=\"container\">\n\t\t\t\t\t<div class=\"e-con-inner\">\n\t\t<div class=\"elementor-element elementor-element-2a92b5d e-con-full e-flex e-con e-child\" data-id=\"2a92b5d\" data-element_type=\"container\" data-e-type=\"container\">\n\t\t\t\t<div class=\"elementor-element elementor-element-e7af689 elementor-widget elementor-widget-tbay-menu-vertical\" data-id=\"e7af689\" data-element_type=\"widget\" data-e-type=\"widget\" data-widget_type=\"tbay-menu-vertical.default\">\n\t\t\t\t<div class=\"elementor-widget-container\">\n\t\t\t\t\t<div class=\"tbay-element tbay-element-menu-vertical\">\r\n\t\t<div class=\"menu-vertical-container\"><ul id=\"categories-icon-WzAwd\" class=\"menu-vertical nav\"><li id=\"menu-item-9022\" class=\"menu-item menu-item-type-post_type menu-item-object-page menu-item-9022\"><a href=\"https:\/\/atimilplast.com.br\/loja\/produtos\/\">Todos os Produtos<\/a><\/li>\n<li id=\"menu-item-8913\" class=\"menu-item menu-item-type-taxonomy menu-item-object-product_cat menu-item-8913\"><a href=\"https:\/\/atimilplast.com.br\/loja\/produtos\/bituqueira\/\">Bituqueira<\/a><\/li>\n<li id=\"menu-item-8964\" class=\"menu-item menu-item-type-taxonomy menu-item-object-product_cat menu-item-has-children menu-item-8964\"><a href=\"https:\/\/atimilplast.com.br\/loja\/produtos\/caixas-plasticas\/\" title=\"caixas-plasticas\">Caixas Pl\u00e1sticas<\/a>\n<ul class=\"sub-menu\">\n\t<li id=\"menu-item-10334\" class=\"menu-item menu-item-type-post_type menu-item-object-page menu-item-10334\"><a href=\"https:\/\/atimilplast.com.br\/loja\/produtos\/caixas-plasticas\/caixa-container-327l\/\">Caixa Container 327L<\/a><\/li>\n\t<li id=\"menu-item-8296\" class=\"menu-item menu-item-type-taxonomy menu-item-object-product_cat menu-item-8296\"><a href=\"https:\/\/atimilplast.com.br\/loja\/produtos\/caixas-plasticas\/caixas-organizadoras\/\">Caixa Organizadora<\/a><\/li>\n\t<li id=\"menu-item-8928\" class=\"menu-item menu-item-type-taxonomy menu-item-object-product_cat menu-item-8928\"><a href=\"https:\/\/atimilplast.com.br\/loja\/produtos\/caixa-pallet-bin\/\">Caixa Pallet Bin<\/a><\/li>\n\t<li id=\"menu-item-8461\" class=\"menu-item menu-item-type-taxonomy menu-item-object-product_cat menu-item-8461\"><a href=\"https:\/\/atimilplast.com.br\/loja\/produtos\/caixas-klt\/\">Caixas KLT<\/a><\/li>\n\t<li id=\"menu-item-9018\" class=\"menu-item menu-item-type-taxonomy menu-item-object-product_cat menu-item-9018\"><a href=\"https:\/\/atimilplast.com.br\/loja\/produtos\/caixas-para-pescados\/\">Caixas para Pescados<\/a><\/li>\n<\/ul>\n<\/li>\n<li id=\"menu-item-7032\" class=\"menu-item menu-item-type-taxonomy menu-item-object-product_cat menu-item-7032\"><a href=\"https:\/\/atimilplast.com.br\/loja\/produtos\/carros-cuba\/\">Carros Cuba<\/a><\/li>\n<li id=\"menu-item-7740\" class=\"menu-item menu-item-type-taxonomy menu-item-object-product_cat menu-item-has-children menu-item-7740\"><a href=\"https:\/\/atimilplast.com.br\/loja\/produtos\/carros-funcionais\/\">Carros Funcionais<\/a>\n<ul class=\"sub-menu\">\n\t<li id=\"menu-item-7743\" class=\"menu-item menu-item-type-taxonomy menu-item-object-product_cat menu-item-7743\"><a href=\"https:\/\/atimilplast.com.br\/loja\/produtos\/carros-bandeja\/\">Carros Bandeja<\/a><\/li>\n\t<li id=\"menu-item-7742\" class=\"menu-item menu-item-type-taxonomy menu-item-object-product_cat menu-item-7742\"><a href=\"https:\/\/atimilplast.com.br\/loja\/produtos\/carros-hospitalares\/\">Carros Hospitalares<\/a><\/li>\n\t<li id=\"menu-item-7741\" class=\"menu-item menu-item-type-taxonomy menu-item-object-product_cat menu-item-7741\"><a href=\"https:\/\/atimilplast.com.br\/loja\/produtos\/carros-hoteleiros\/\">Carros Hoteleiros<\/a><\/li>\n\t<li id=\"menu-item-7744\" class=\"menu-item menu-item-type-taxonomy menu-item-object-product_cat menu-item-7744\"><a href=\"https:\/\/atimilplast.com.br\/loja\/produtos\/carros-organizadores\/\">Carros Organizadores<\/a><\/li>\n<\/ul>\n<\/li>\n<li id=\"menu-item-7030\" class=\"menu-item menu-item-type-taxonomy menu-item-object-product_cat menu-item-7030\"><a href=\"https:\/\/atimilplast.com.br\/loja\/produtos\/cesto-de-lixo\/\">Cestos de Lixo<\/a><\/li>\n<li id=\"menu-item-8911\" class=\"menu-item menu-item-type-taxonomy menu-item-object-product_cat menu-item-8911\"><a href=\"https:\/\/atimilplast.com.br\/loja\/produtos\/carrinhos-coletores-de-lixos\/\">Carrinhos Coletores de Lixo<\/a><\/li>\n<li id=\"menu-item-8915\" class=\"menu-item menu-item-type-taxonomy menu-item-object-product_cat menu-item-8915\"><a href=\"https:\/\/atimilplast.com.br\/loja\/produtos\/cone-barril\/\">Cone Barril<\/a><\/li>\n<li id=\"menu-item-7029\" class=\"menu-item menu-item-type-taxonomy menu-item-object-product_cat menu-item-7029\"><a href=\"https:\/\/atimilplast.com.br\/loja\/produtos\/containers-de-lixo\/\">Containers de Lixo<\/a><\/li>\n<li id=\"menu-item-8424\" class=\"menu-item menu-item-type-taxonomy menu-item-object-product_cat menu-item-8424\"><a href=\"https:\/\/atimilplast.com.br\/loja\/produtos\/estrados-de-plasticos\/\">Estrados de Pl\u00e1sticos<\/a><\/li>\n<li id=\"menu-item-9746\" class=\"menu-item menu-item-type-custom menu-item-object-custom menu-item-has-children menu-item-9746\"><a href=\"https:\/\/atimilplast.com.br\/loja\/categoria\/lixeiras\/\">Lixeiras<\/a>\n<ul class=\"sub-menu\">\n\t<li id=\"menu-item-8353\" class=\"menu-item menu-item-type-taxonomy menu-item-object-product_cat menu-item-8353\"><a href=\"https:\/\/atimilplast.com.br\/loja\/produtos\/lixeiras\/lixeira-inox-com-pedal\/\">Lixeira Inox Com Pedal<\/a><\/li>\n\t<li id=\"menu-item-8456\" class=\"menu-item menu-item-type-taxonomy menu-item-object-product_cat menu-item-8456\"><a href=\"https:\/\/atimilplast.com.br\/loja\/produtos\/lixeiras\/lixeiras-basculantes\/\">Lixeiras Basculantes<\/a><\/li>\n\t<li id=\"menu-item-10247\" class=\"menu-item menu-item-type-post_type menu-item-object-page menu-item-10247\"><a href=\"https:\/\/atimilplast.com.br\/loja\/produtos\/lixeiras\/lixeiras-para-coleta-seletiva-50l\/\">Lixeiras para Coleta Seletiva 50L<\/a><\/li>\n\t<li id=\"menu-item-8956\" class=\"menu-item menu-item-type-taxonomy menu-item-object-product_cat menu-item-8956\"><a href=\"https:\/\/atimilplast.com.br\/loja\/produtos\/lixeiras\/lixeiras-com-pedal\/\">Lixeiras com Pedal<\/a><\/li>\n\t<li id=\"menu-item-8930\" class=\"menu-item menu-item-type-taxonomy menu-item-object-product_cat menu-item-8930\"><a href=\"https:\/\/atimilplast.com.br\/loja\/produtos\/lixeiras\/lixeiras-para-coleta-seletiva-100l\/\">Lixeiras para Coleta Seletiva 100L<\/a><\/li>\n\t<li id=\"menu-item-8938\" class=\"menu-item menu-item-type-taxonomy menu-item-object-product_cat menu-item-8938\"><a href=\"https:\/\/atimilplast.com.br\/loja\/produtos\/lixeiras\/lixeiras-papeleiras-50l\/\">Lixeiras Papeleiras 50L<\/a><\/li>\n\t<li id=\"menu-item-8954\" class=\"menu-item menu-item-type-taxonomy menu-item-object-product_cat menu-item-8954\"><a href=\"https:\/\/atimilplast.com.br\/loja\/produtos\/lixeiras\/lixeiras-para-coleta-seletiva-60l\/\">Lixeiras para Coleta Seletiva 60L<\/a><\/li>\n<\/ul>\n<\/li>\n<li id=\"menu-item-8929\" class=\"menu-item menu-item-type-taxonomy menu-item-object-product_cat menu-item-8929\"><a href=\"https:\/\/atimilplast.com.br\/loja\/produtos\/moveis-plasticos\/\">M\u00f3veis Pl\u00e1sticos<\/a><\/li>\n<li id=\"menu-item-10291\" class=\"menu-item menu-item-type-custom menu-item-object-custom menu-item-10291\"><a href=\"https:\/\/atimilplast.com.br\/loja\/produtos\/pallets-de-contencao\/\">Pallets de Conten\u00e7\u00e3o<\/a><\/li>\n<li id=\"menu-item-8957\" class=\"menu-item menu-item-type-taxonomy menu-item-object-product_cat menu-item-8957\"><a href=\"https:\/\/atimilplast.com.br\/loja\/produtos\/pallets-de-plastico\/\">Pallets de Pl\u00e1stico<\/a><\/li>\n<li id=\"menu-item-8423\" class=\"menu-item menu-item-type-taxonomy menu-item-object-product_cat menu-item-8423\"><a href=\"https:\/\/atimilplast.com.br\/loja\/produtos\/pisos-de-plastico\/\">Pisos de Pl\u00e1stico<\/a><\/li>\n<li id=\"menu-item-7036\" class=\"menu-item menu-item-type-taxonomy menu-item-object-product_cat menu-item-7036\"><a href=\"https:\/\/atimilplast.com.br\/loja\/produtos\/sacos-de-lixo\/\">Sacos de Lixo<\/a><\/li>\n<li id=\"menu-item-8923\" class=\"menu-item menu-item-type-taxonomy menu-item-object-product_cat menu-item-8923\"><a href=\"https:\/\/atimilplast.com.br\/loja\/produtos\/vasos-de-polietileno\/\">Vasos de Polietileno<\/a><\/li>\n<\/ul><\/div>\r\n<\/div>\t\t\t\t<\/div>\n\t\t\t\t<\/div>\n\t\t\t\t<\/div>\n\t\t<div class=\"elementor-element elementor-element-5c10cd2 e-con-full e-flex e-con e-child\" data-id=\"5c10cd2\" data-element_type=\"container\" data-e-type=\"container\">\n\t\t\t\t<div class=\"elementor-element elementor-element-458ee7f elementor-product-v1 elementor-widget elementor-widget-tbay-product-category\" data-id=\"458ee7f\" data-element_type=\"widget\" data-e-type=\"widget\" data-widget_type=\"tbay-product-category.default\">\n\t\t\t\t<div class=\"elementor-widget-container\">\n\t\t\t\t\t\r\n<div class=\"tbay-element tbay-element-product-category\">\r\n    \t<div class=\"product-category row grid products\" data-xlgdesktop=\"4\" data-desktop=\"4\" data-desktopsmall=\"2\" data-tablet=\"3\" data-landscape=\"2\" data-mobile=\"2\">\r\n\r\n    \r\n        <div class=\"item\">\r\n\t\t\t<div class=\"products-grid product type-product post-10853 status-publish first instock product_cat-carros-funcionais has-post-thumbnail shipping-taxable product-type-simple\">\r\n\t\t\t<div class=\"product-block grid product v1\" data-product-id=\"10853\">\r\n\t\t<div class=\"product-content\">\r\n\t\t\r\n\t\t<div class=\"block-inner\">\r\n\t\t\t<figure class=\"image \">\r\n\t\t\t\t<a title=\"Carro Funcional Am\u00e9rica\" href=\"https:\/\/atimilplast.com.br\/loja\/produtos\/carros-funcionais\/carro-funcional-america-2\/\" class=\"product-image\">\r\n\t\t\t\t\t<img fetchpriority=\"high\" decoding=\"async\" width=\"406\" height=\"406\" src=\"https:\/\/atimilplast.com.br\/loja\/wp-content\/uploads\/2025\/08\/america4-406x406.jpg\" class=\"attachment-woocommerce_thumbnail size-woocommerce_thumbnail\" alt=\"Carro Funcional Am\u00e9rica\" \/>\t\t\t\t<\/a>\r\n\t\t\t\t\r\n\t\t\t\t\t\t\t\r\n\t\t\t\t\t\t<\/figure>\r\n\t\t\t<div class=\"group-buttons\">\t\r\n\t\t\t\t\t\t    <\/div>\r\n            <div class=\"group-add-to-cart\">\r\n\t\t\t\t<div class=\"add-cart\" title=\"Leia mais\"><a href=\"https:\/\/atimilplast.com.br\/loja\/produtos\/carros-funcionais\/carro-funcional-america-2\/\" aria-describedby=\"woocommerce_loop_add_to_cart_link_describedby_10853\" data-quantity=\"1\" class=\"button product_type_simple\" data-product_id=\"10853\" data-product_sku=\"\" aria-label=\"Leia mais sobre &ldquo;Carro Funcional Am\u00e9rica&rdquo;\" rel=\"nofollow\" data-success_message=\"\"><span class=\"title-cart\">Leia mais<\/span><\/a>            <span id=\"woocommerce_loop_add_to_cart_link_describedby_10853\" class=\"screen-reader-text\">\r\n                    <\/span>\r\n    <\/div>\t\t\t<\/div>\r\n\t\t<\/div>\r\n\t\t\t\t\r\n\t\t\t\t\r\n\t\t<div class=\"caption\">\r\n\t\t\t            <div class=\"group-content\">\r\n                                            <\/div>\r\n\r\n\t\t\t        <h3 class=\"name \"><a href=\"https:\/\/atimilplast.com.br\/loja\/produtos\/carros-funcionais\/carro-funcional-america-2\/\">Carro Funcional Am\u00e9rica<\/a><\/h3>\r\n        \t\t\t\t\t\t\r\n\t\t\t\n\t\t\t\r\n\t\t\t\r\n\r\n\t\t\t\t\r\n\t\t\t\r\n\t\t\t\t\t<\/div>\r\n\r\n\t\t\r\n\t\t\r\n            <\/div>\r\n    \r\n\t<\/div>\r\n\t\t\t<\/div>\r\n        <\/div>\r\n\r\n    \r\n        <div class=\"item\">\r\n\t\t\t<div class=\"products-grid product type-product post-10846 status-publish instock product_cat-carros-funcionais product_cat-kits-de-lixeiras-para-coleta-seletiva has-post-thumbnail shipping-taxable product-type-simple\">\r\n\t\t\t<div class=\"product-block grid product v1\" data-product-id=\"10846\">\r\n\t\t<div class=\"product-content\">\r\n\t\t\r\n\t\t<div class=\"block-inner\">\r\n\t\t\t<figure class=\"image \">\r\n\t\t\t\t<a title=\"Conjunto Dobl\u00f4 30L\" href=\"https:\/\/atimilplast.com.br\/loja\/produtos\/carros-funcionais\/conjunto-doblo-30l\/\" class=\"product-image\">\r\n\t\t\t\t\t<img decoding=\"async\" width=\"406\" height=\"406\" src=\"https:\/\/atimilplast.com.br\/loja\/wp-content\/uploads\/2025\/08\/balde-doblo-30-1-500x570-1-1-406x406.jpg\" class=\"attachment-woocommerce_thumbnail size-woocommerce_thumbnail\" alt=\"Conjunto Dobl\u00f4 30L\" \/>\t\t\t\t<\/a>\r\n\t\t\t\t\r\n\t\t\t\t\t\t\t\r\n\t\t\t\t\t\t<\/figure>\r\n\t\t\t<div class=\"group-buttons\">\t\r\n\t\t\t\t\t\t    <\/div>\r\n            <div class=\"group-add-to-cart\">\r\n\t\t\t\t<div class=\"add-cart\" title=\"Leia mais\"><a href=\"https:\/\/atimilplast.com.br\/loja\/produtos\/carros-funcionais\/conjunto-doblo-30l\/\" aria-describedby=\"woocommerce_loop_add_to_cart_link_describedby_10846\" data-quantity=\"1\" class=\"button product_type_simple\" data-product_id=\"10846\" data-product_sku=\"\" aria-label=\"Leia mais sobre &ldquo;Conjunto Dobl\u00f4 30L&rdquo;\" rel=\"nofollow\" data-success_message=\"\"><span class=\"title-cart\">Leia mais<\/span><\/a>            <span id=\"woocommerce_loop_add_to_cart_link_describedby_10846\" class=\"screen-reader-text\">\r\n                    <\/span>\r\n    <\/div>\t\t\t<\/div>\r\n\t\t<\/div>\r\n\t\t\t\t\r\n\t\t\t\t\r\n\t\t<div class=\"caption\">\r\n\t\t\t            <div class=\"group-content\">\r\n                                            <\/div>\r\n\r\n\t\t\t        <h3 class=\"name \"><a href=\"https:\/\/atimilplast.com.br\/loja\/produtos\/carros-funcionais\/conjunto-doblo-30l\/\">Conjunto Dobl\u00f4 30L<\/a><\/h3>\r\n        \t\t\t\t\t\t\r\n\t\t\t\n\t\t\t\r\n\t\t\t\r\n\r\n\t\t\t\t\r\n\t\t\t\r\n\t\t\t\t\t<\/div>\r\n\r\n\t\t\r\n\t\t\r\n            <\/div>\r\n    \r\n\t<\/div>\r\n\t\t\t<\/div>\r\n        <\/div>\r\n\r\n    \r\n        <div class=\"item\">\r\n\t\t\t<div class=\"products-grid product type-product post-10840 status-publish instock product_cat-carros-funcionais product_tag-carro-com-saco-de-vinil product_tag-carro-funcional-black product_tag-carro-funcional-de-limpeza has-post-thumbnail shipping-taxable product-type-simple\">\r\n\t\t\t<div class=\"product-block grid product v1\" data-product-id=\"10840\">\r\n\t\t<div class=\"product-content\">\r\n\t\t\r\n\t\t<div class=\"block-inner\">\r\n\t\t\t<figure class=\"image \">\r\n\t\t\t\t<a title=\"Carro funcional &#8211; Black\" href=\"https:\/\/atimilplast.com.br\/loja\/produtos\/carros-funcionais\/carro-funcional-black-2\/\" class=\"product-image\">\r\n\t\t\t\t\t<img decoding=\"async\" width=\"406\" height=\"406\" src=\"https:\/\/atimilplast.com.br\/loja\/wp-content\/uploads\/2025\/08\/black1-406x406.png\" class=\"attachment-woocommerce_thumbnail size-woocommerce_thumbnail\" alt=\"Carro funcional - Black\" \/>\t\t\t\t<\/a>\r\n\t\t\t\t\r\n\t\t\t\t\t\t\t\r\n\t\t\t\t\t\t<\/figure>\r\n\t\t\t<div class=\"group-buttons\">\t\r\n\t\t\t\t\t\t    <\/div>\r\n            <div class=\"group-add-to-cart\">\r\n\t\t\t\t<div class=\"add-cart\" title=\"Leia mais\"><a href=\"https:\/\/atimilplast.com.br\/loja\/produtos\/carros-funcionais\/carro-funcional-black-2\/\" aria-describedby=\"woocommerce_loop_add_to_cart_link_describedby_10840\" data-quantity=\"1\" class=\"button product_type_simple\" data-product_id=\"10840\" data-product_sku=\"\" aria-label=\"Leia mais sobre &ldquo;Carro funcional - Black&rdquo;\" rel=\"nofollow\" data-success_message=\"\"><span class=\"title-cart\">Leia mais<\/span><\/a>            <span id=\"woocommerce_loop_add_to_cart_link_describedby_10840\" class=\"screen-reader-text\">\r\n                    <\/span>\r\n    <\/div>\t\t\t<\/div>\r\n\t\t<\/div>\r\n\t\t\t\t\r\n\t\t\t\t\r\n\t\t<div class=\"caption\">\r\n\t\t\t            <div class=\"group-content\">\r\n                                            <\/div>\r\n\r\n\t\t\t        <h3 class=\"name \"><a href=\"https:\/\/atimilplast.com.br\/loja\/produtos\/carros-funcionais\/carro-funcional-black-2\/\">Carro funcional &#8211; Black<\/a><\/h3>\r\n        \t\t\t\t\t\t\r\n\t\t\t\n\t\t\t\r\n\t\t\t\r\n\r\n\t\t\t\t\r\n\t\t\t\r\n\t\t\t\t\t<\/div>\r\n\r\n\t\t\r\n\t\t\r\n            <\/div>\r\n    \r\n\t<\/div>\r\n\t\t\t<\/div>\r\n        <\/div>\r\n\r\n    \r\n        <div class=\"item\">\r\n\t\t\t<div class=\"products-grid product type-product post-7936 status-publish last instock product_cat-carros-funcionais product_cat-carros-organizadores has-post-thumbnail shipping-taxable purchasable product-type-variable\">\r\n\t\t\t<div class=\"product-block grid product v1\" data-product-id=\"7936\">\r\n\t\t<div class=\"product-content\">\r\n\t\t\r\n\t\t<div class=\"block-inner\">\r\n\t\t\t<figure class=\"image \">\r\n\t\t\t\t<a title=\"Carro Organizador Strong com Fechamento\" href=\"https:\/\/atimilplast.com.br\/loja\/produtos\/carros-funcionais\/carro-organizador-strong-com-fechamento\/\" class=\"product-image\">\r\n\t\t\t\t\t<img loading=\"lazy\" decoding=\"async\" width=\"406\" height=\"406\" src=\"https:\/\/atimilplast.com.br\/loja\/wp-content\/uploads\/2024\/08\/strong-406x406.jpg\" class=\"attachment-woocommerce_thumbnail size-woocommerce_thumbnail\" alt=\"Carro Organizador Strong com Fechamento\" \/>\t\t\t\t<\/a>\r\n\t\t\t\t\r\n\t\t\t\t\t\t\t\r\n\t\t\t\t\t\t<\/figure>\r\n\t\t\t<div class=\"group-buttons\">\t\r\n\t\t\t\t\t\t    <\/div>\r\n            <div class=\"group-add-to-cart\">\r\n\t\t\t\t<div class=\"add-cart\" title=\"Ver op\u00e7\u00f5es\"><a href=\"https:\/\/atimilplast.com.br\/loja\/produtos\/carros-funcionais\/carro-organizador-strong-com-fechamento\/\" aria-describedby=\"woocommerce_loop_add_to_cart_link_describedby_7936\" data-quantity=\"1\" class=\"button product_type_variable add_to_cart_button\" data-product_id=\"7936\" data-product_sku=\"\" aria-label=\"Selecione as op\u00e7\u00f5es para &ldquo;Carro Organizador Strong com Fechamento&rdquo;\" rel=\"nofollow\"><span class=\"title-cart\">Ver op\u00e7\u00f5es<\/span><\/a>            <span id=\"woocommerce_loop_add_to_cart_link_describedby_7936\" class=\"screen-reader-text\">\r\n            Este produto tem v\u00e1rias variantes. As op\u00e7\u00f5es podem ser escolhidas na p\u00e1gina do produto        <\/span>\r\n    <\/div>\t\t\t<\/div>\r\n\t\t<\/div>\r\n\t\t\t\t\r\n\t\t\t\t\r\n\t\t<div class=\"caption\">\r\n\t\t\t            <div class=\"group-content\">\r\n                                            <\/div>\r\n\r\n\t\t\t        <h3 class=\"name \"><a href=\"https:\/\/atimilplast.com.br\/loja\/produtos\/carros-funcionais\/carro-organizador-strong-com-fechamento\/\">Carro Organizador Strong com Fechamento<\/a><\/h3>\r\n        \t\t\t\t\t\t\r\n\t\t\t\n\t<span class=\"price\"><span class=\"woocommerce-Price-amount amount\"><bdi><span class=\"woocommerce-Price-currencySymbol\">&#82;&#36;<\/span>&nbsp;0,00<\/bdi><\/span><\/span>\n\t\t\t\r\n\t\t\t\r\n\r\n\t\t\t\t\r\n\t\t\t\r\n\t\t\t\t\t<\/div>\r\n\r\n\t\t\r\n\t\t\r\n            <\/div>\r\n    \r\n\t<\/div>\r\n\t\t\t<\/div>\r\n        <\/div>\r\n\r\n    \r\n        <div class=\"item\">\r\n\t\t\t<div class=\"products-grid product type-product post-7924 status-publish first instock product_cat-carros-funcionais product_cat-carros-organizadores has-post-thumbnail shipping-taxable purchasable product-type-variable\">\r\n\t\t\t<div class=\"product-block grid product v1\" data-product-id=\"7924\">\r\n\t\t<div class=\"product-content\">\r\n\t\t\r\n\t\t<div class=\"block-inner\">\r\n\t\t\t<figure class=\"image \">\r\n\t\t\t\t<a title=\"Carro Sistema Strong Sem Fechamento\" href=\"https:\/\/atimilplast.com.br\/loja\/produtos\/carros-funcionais\/carro-sistema-strong-sem-fechamento\/\" class=\"product-image\">\r\n\t\t\t\t\t<img loading=\"lazy\" decoding=\"async\" width=\"406\" height=\"406\" src=\"https:\/\/atimilplast.com.br\/loja\/wp-content\/uploads\/2024\/08\/carro-strong-sem-fechamento-2-406x406.png\" class=\"attachment-woocommerce_thumbnail size-woocommerce_thumbnail\" alt=\"Carro Sistema Strong Sem Fechamento\" \/>\t\t\t\t<\/a>\r\n\t\t\t\t\r\n\t\t\t\t\t\t\t\r\n\t\t\t\t\t\t<\/figure>\r\n\t\t\t<div class=\"group-buttons\">\t\r\n\t\t\t\t\t\t    <\/div>\r\n            <div class=\"group-add-to-cart\">\r\n\t\t\t\t<div class=\"add-cart\" title=\"Ver op\u00e7\u00f5es\"><a href=\"https:\/\/atimilplast.com.br\/loja\/produtos\/carros-funcionais\/carro-sistema-strong-sem-fechamento\/\" aria-describedby=\"woocommerce_loop_add_to_cart_link_describedby_7924\" data-quantity=\"1\" class=\"button product_type_variable add_to_cart_button\" data-product_id=\"7924\" data-product_sku=\"\" aria-label=\"Selecione as op\u00e7\u00f5es para &ldquo;Carro Sistema Strong Sem Fechamento&rdquo;\" rel=\"nofollow\"><span class=\"title-cart\">Ver op\u00e7\u00f5es<\/span><\/a>            <span id=\"woocommerce_loop_add_to_cart_link_describedby_7924\" class=\"screen-reader-text\">\r\n            Este produto tem v\u00e1rias variantes. As op\u00e7\u00f5es podem ser escolhidas na p\u00e1gina do produto        <\/span>\r\n    <\/div>\t\t\t<\/div>\r\n\t\t<\/div>\r\n\t\t\t\t\r\n\t\t\t\t\r\n\t\t<div class=\"caption\">\r\n\t\t\t            <div class=\"group-content\">\r\n                                            <\/div>\r\n\r\n\t\t\t        <h3 class=\"name \"><a href=\"https:\/\/atimilplast.com.br\/loja\/produtos\/carros-funcionais\/carro-sistema-strong-sem-fechamento\/\">Carro Sistema Strong Sem Fechamento<\/a><\/h3>\r\n        \t\t\t\t\t\t\r\n\t\t\t\n\t<span class=\"price\"><span class=\"woocommerce-Price-amount amount\"><bdi><span class=\"woocommerce-Price-currencySymbol\">&#82;&#36;<\/span>&nbsp;0,00<\/bdi><\/span><\/span>\n\t\t\t\r\n\t\t\t\r\n\r\n\t\t\t\t\r\n\t\t\t\r\n\t\t\t\t\t<\/div>\r\n\r\n\t\t\r\n\t\t\r\n            <\/div>\r\n    \r\n\t<\/div>\r\n\t\t\t<\/div>\r\n        <\/div>\r\n\r\n    \r\n        <div class=\"item\">\r\n\t\t\t<div class=\"products-grid product type-product post-7920 status-publish instock product_cat-carros-funcionais product_cat-carros-organizadores has-post-thumbnail shipping-taxable product-type-simple\">\r\n\t\t\t<div class=\"product-block grid product v1\" data-product-id=\"7920\">\r\n\t\t<div class=\"product-content\">\r\n\t\t\r\n\t\t<div class=\"block-inner\">\r\n\t\t\t<figure class=\"image \">\r\n\t\t\t\t<a title=\"Carro Organizador Bancada\" href=\"https:\/\/atimilplast.com.br\/loja\/produtos\/carros-funcionais\/carro-organizador-bancada\/\" class=\"product-image\">\r\n\t\t\t\t\t<img loading=\"lazy\" decoding=\"async\" width=\"406\" height=\"406\" src=\"https:\/\/atimilplast.com.br\/loja\/wp-content\/uploads\/2024\/08\/carro-bancada-406x406.jpg\" class=\"attachment-woocommerce_thumbnail size-woocommerce_thumbnail\" alt=\"Carro Organizador Bancada\" \/>\t\t\t\t<\/a>\r\n\t\t\t\t\r\n\t\t\t\t\t\t\t\r\n\t\t\t\t\t\t<\/figure>\r\n\t\t\t<div class=\"group-buttons\">\t\r\n\t\t\t\t\t\t    <\/div>\r\n            <div class=\"group-add-to-cart\">\r\n\t\t\t\t<div class=\"add-cart\" title=\"Leia mais\"><a href=\"https:\/\/atimilplast.com.br\/loja\/produtos\/carros-funcionais\/carro-organizador-bancada\/\" aria-describedby=\"woocommerce_loop_add_to_cart_link_describedby_7920\" data-quantity=\"1\" class=\"button product_type_simple\" data-product_id=\"7920\" data-product_sku=\"\" aria-label=\"Leia mais sobre &ldquo;Carro Organizador Bancada&rdquo;\" rel=\"nofollow\" data-success_message=\"\"><span class=\"title-cart\">Leia mais<\/span><\/a>            <span id=\"woocommerce_loop_add_to_cart_link_describedby_7920\" class=\"screen-reader-text\">\r\n                    <\/span>\r\n    <\/div>\t\t\t<\/div>\r\n\t\t<\/div>\r\n\t\t\t\t\r\n\t\t\t\t\r\n\t\t<div class=\"caption\">\r\n\t\t\t            <div class=\"group-content\">\r\n                                            <\/div>\r\n\r\n\t\t\t        <h3 class=\"name \"><a href=\"https:\/\/atimilplast.com.br\/loja\/produtos\/carros-funcionais\/carro-organizador-bancada\/\">Carro Organizador Bancada<\/a><\/h3>\r\n        \t\t\t\t\t\t\r\n\t\t\t\n\t\t\t\r\n\t\t\t\r\n\r\n\t\t\t\t\r\n\t\t\t\r\n\t\t\t\t\t<\/div>\r\n\r\n\t\t\r\n\t\t\r\n            <\/div>\r\n    \r\n\t<\/div>\r\n\t\t\t<\/div>\r\n        <\/div>\r\n\r\n    \r\n        <div class=\"item\">\r\n\t\t\t<div class=\"products-grid product type-product post-7914 status-publish instock product_cat-carros-funcionais product_cat-carros-organizadores has-post-thumbnail shipping-taxable product-type-simple\">\r\n\t\t\t<div class=\"product-block grid product v1\" data-product-id=\"7914\">\r\n\t\t<div class=\"product-content\">\r\n\t\t\r\n\t\t<div class=\"block-inner\">\r\n\t\t\t<figure class=\"image \">\r\n\t\t\t\t<a title=\"Carro Organizador Bandeja\" href=\"https:\/\/atimilplast.com.br\/loja\/produtos\/carros-funcionais\/carro-organizador-bandeja\/\" class=\"product-image\">\r\n\t\t\t\t\t<img loading=\"lazy\" decoding=\"async\" width=\"406\" height=\"406\" src=\"https:\/\/atimilplast.com.br\/loja\/wp-content\/uploads\/2024\/08\/carro-organizador-bandeija-2-406x406.png\" class=\"attachment-woocommerce_thumbnail size-woocommerce_thumbnail\" alt=\"Carro Organizador Bandeja\" \/>\t\t\t\t<\/a>\r\n\t\t\t\t\r\n\t\t\t\t\t\t\t\r\n\t\t\t\t\t\t<\/figure>\r\n\t\t\t<div class=\"group-buttons\">\t\r\n\t\t\t\t\t\t    <\/div>\r\n            <div class=\"group-add-to-cart\">\r\n\t\t\t\t<div class=\"add-cart\" title=\"Leia mais\"><a href=\"https:\/\/atimilplast.com.br\/loja\/produtos\/carros-funcionais\/carro-organizador-bandeja\/\" aria-describedby=\"woocommerce_loop_add_to_cart_link_describedby_7914\" data-quantity=\"1\" class=\"button product_type_simple\" data-product_id=\"7914\" data-product_sku=\"\" aria-label=\"Leia mais sobre &ldquo;Carro Organizador Bandeja&rdquo;\" rel=\"nofollow\" data-success_message=\"\"><span class=\"title-cart\">Leia mais<\/span><\/a>            <span id=\"woocommerce_loop_add_to_cart_link_describedby_7914\" class=\"screen-reader-text\">\r\n                    <\/span>\r\n    <\/div>\t\t\t<\/div>\r\n\t\t<\/div>\r\n\t\t\t\t\r\n\t\t\t\t\r\n\t\t<div class=\"caption\">\r\n\t\t\t            <div class=\"group-content\">\r\n                                            <\/div>\r\n\r\n\t\t\t        <h3 class=\"name \"><a href=\"https:\/\/atimilplast.com.br\/loja\/produtos\/carros-funcionais\/carro-organizador-bandeja\/\">Carro Organizador Bandeja<\/a><\/h3>\r\n        \t\t\t\t\t\t\r\n\t\t\t\n\t\t\t\r\n\t\t\t\r\n\r\n\t\t\t\t\r\n\t\t\t\r\n\t\t\t\t\t<\/div>\r\n\r\n\t\t\r\n\t\t\r\n            <\/div>\r\n    \r\n\t<\/div>\r\n\t\t\t<\/div>\r\n        <\/div>\r\n\r\n    \r\n        <div class=\"item\">\r\n\t\t\t<div class=\"products-grid product type-product post-7902 status-publish last instock product_cat-carros-bandeja product_cat-carros-funcionais has-post-thumbnail shipping-taxable product-type-simple\">\r\n\t\t\t<div class=\"product-block grid product v1\" data-product-id=\"7902\">\r\n\t\t<div class=\"product-content\">\r\n\t\t\r\n\t\t<div class=\"block-inner\">\r\n\t\t\t<figure class=\"image \">\r\n\t\t\t\t<a title=\"Carro Arrumadeira Bolonha\" href=\"https:\/\/atimilplast.com.br\/loja\/produtos\/carros-bandeja\/carro-arrumadeira-bolonha\/\" class=\"product-image\">\r\n\t\t\t\t\t<img loading=\"lazy\" decoding=\"async\" width=\"406\" height=\"406\" src=\"https:\/\/atimilplast.com.br\/loja\/wp-content\/uploads\/2024\/08\/carro-funcional-bolonha-500x500-1-406x406.jpg\" class=\"attachment-woocommerce_thumbnail size-woocommerce_thumbnail\" alt=\"Carro Arrumadeira Bolonha\" \/>\t\t\t\t<\/a>\r\n\t\t\t\t\r\n\t\t\t\t\t\t\t\r\n\t\t\t\t\t\t<\/figure>\r\n\t\t\t<div class=\"group-buttons\">\t\r\n\t\t\t\t\t\t    <\/div>\r\n            <div class=\"group-add-to-cart\">\r\n\t\t\t\t<div class=\"add-cart\" title=\"Leia mais\"><a href=\"https:\/\/atimilplast.com.br\/loja\/produtos\/carros-bandeja\/carro-arrumadeira-bolonha\/\" aria-describedby=\"woocommerce_loop_add_to_cart_link_describedby_7902\" data-quantity=\"1\" class=\"button product_type_simple\" data-product_id=\"7902\" data-product_sku=\"\" aria-label=\"Leia mais sobre &ldquo;Carro Arrumadeira Bolonha&rdquo;\" rel=\"nofollow\" data-success_message=\"\"><span class=\"title-cart\">Leia mais<\/span><\/a>            <span id=\"woocommerce_loop_add_to_cart_link_describedby_7902\" class=\"screen-reader-text\">\r\n                    <\/span>\r\n    <\/div>\t\t\t<\/div>\r\n\t\t<\/div>\r\n\t\t\t\t\r\n\t\t\t\t\r\n\t\t<div class=\"caption\">\r\n\t\t\t            <div class=\"group-content\">\r\n                                            <\/div>\r\n\r\n\t\t\t        <h3 class=\"name \"><a href=\"https:\/\/atimilplast.com.br\/loja\/produtos\/carros-bandeja\/carro-arrumadeira-bolonha\/\">Carro Arrumadeira Bolonha<\/a><\/h3>\r\n        \t\t\t\t\t\t\r\n\t\t\t\n\t\t\t\r\n\t\t\t\r\n\r\n\t\t\t\t\r\n\t\t\t\r\n\t\t\t\t\t<\/div>\r\n\r\n\t\t\r\n\t\t\r\n            <\/div>\r\n    \r\n\t<\/div>\r\n\t\t\t<\/div>\r\n        <\/div>\r\n\r\n    \r\n        <div class=\"item\">\r\n\t\t\t<div class=\"products-grid product type-product post-7883 status-publish first instock product_cat-carros-bandeja product_cat-carros-funcionais has-post-thumbnail shipping-taxable purchasable product-type-variable\">\r\n\t\t\t<div class=\"product-block grid product v1\" data-product-id=\"7883\">\r\n\t\t<div class=\"product-content\">\r\n\t\t\r\n\t\t<div class=\"block-inner\">\r\n\t\t\t<figure class=\"image \">\r\n\t\t\t\t<a title=\"Carro Extra II\" href=\"https:\/\/atimilplast.com.br\/loja\/produtos\/carros-bandeja\/carro-extra-ii\/\" class=\"product-image\">\r\n\t\t\t\t\t<img loading=\"lazy\" decoding=\"async\" width=\"406\" height=\"406\" src=\"https:\/\/atimilplast.com.br\/loja\/wp-content\/uploads\/2024\/08\/carro-extra-triplex-com-1-bolsas-fechamento-lateral-2-bolsas-500x444-1-406x406.png\" class=\"attachment-woocommerce_thumbnail size-woocommerce_thumbnail\" alt=\"Carro Extra II\" \/>\t\t\t\t<\/a>\r\n\t\t\t\t\r\n\t\t\t\t\t\t\t\r\n\t\t\t\t\t\t<\/figure>\r\n\t\t\t<div class=\"group-buttons\">\t\r\n\t\t\t\t\t\t    <\/div>\r\n            <div class=\"group-add-to-cart\">\r\n\t\t\t\t<div class=\"add-cart\" title=\"Ver op\u00e7\u00f5es\"><a href=\"https:\/\/atimilplast.com.br\/loja\/produtos\/carros-bandeja\/carro-extra-ii\/\" aria-describedby=\"woocommerce_loop_add_to_cart_link_describedby_7883\" data-quantity=\"1\" class=\"button product_type_variable add_to_cart_button\" data-product_id=\"7883\" data-product_sku=\"\" aria-label=\"Selecione as op\u00e7\u00f5es para &ldquo;Carro Extra II&rdquo;\" rel=\"nofollow\"><span class=\"title-cart\">Ver op\u00e7\u00f5es<\/span><\/a>            <span id=\"woocommerce_loop_add_to_cart_link_describedby_7883\" class=\"screen-reader-text\">\r\n            Este produto tem v\u00e1rias variantes. As op\u00e7\u00f5es podem ser escolhidas na p\u00e1gina do produto        <\/span>\r\n    <\/div>\t\t\t<\/div>\r\n\t\t<\/div>\r\n\t\t\t\t\r\n\t\t\t\t\r\n\t\t<div class=\"caption\">\r\n\t\t\t            <div class=\"group-content\">\r\n                                            <\/div>\r\n\r\n\t\t\t        <h3 class=\"name \"><a href=\"https:\/\/atimilplast.com.br\/loja\/produtos\/carros-bandeja\/carro-extra-ii\/\">Carro Extra II<\/a><\/h3>\r\n        \t\t\t\t\t\t\r\n\t\t\t\n\t<span class=\"price\"><span class=\"woocommerce-Price-amount amount\"><bdi><span class=\"woocommerce-Price-currencySymbol\">&#82;&#36;<\/span>&nbsp;0,00<\/bdi><\/span><\/span>\n\t\t\t\r\n\t\t\t\r\n\r\n\t\t\t\t\r\n\t\t\t\r\n\t\t\t\t\t<\/div>\r\n\r\n\t\t\r\n\t\t\r\n            <\/div>\r\n    \r\n\t<\/div>\r\n\t\t\t<\/div>\r\n        <\/div>\r\n\r\n    \r\n        <div class=\"item\">\r\n\t\t\t<div class=\"products-grid product type-product post-7865 status-publish instock product_cat-carros-bandeja product_cat-carros-funcionais has-post-thumbnail shipping-taxable purchasable product-type-variable\">\r\n\t\t\t<div class=\"product-block grid product v1\" data-product-id=\"7865\">\r\n\t\t<div class=\"product-content\">\r\n\t\t\r\n\t\t<div class=\"block-inner\">\r\n\t\t\t<figure class=\"image \">\r\n\t\t\t\t<a title=\"Carro Extra I\" href=\"https:\/\/atimilplast.com.br\/loja\/produtos\/carros-bandeja\/carro-extra-i\/\" class=\"product-image\">\r\n\t\t\t\t\t<img loading=\"lazy\" decoding=\"async\" width=\"406\" height=\"406\" src=\"https:\/\/atimilplast.com.br\/loja\/wp-content\/uploads\/2024\/08\/carro-extra-triplex-com-fechamento-1bolsa-1-500x444-1-406x406.png\" class=\"attachment-woocommerce_thumbnail size-woocommerce_thumbnail\" alt=\"Carro Extra I\" \/>\t\t\t\t<\/a>\r\n\t\t\t\t\r\n\t\t\t\t\t\t\t\r\n\t\t\t\t\t\t<\/figure>\r\n\t\t\t<div class=\"group-buttons\">\t\r\n\t\t\t\t\t\t    <\/div>\r\n            <div class=\"group-add-to-cart\">\r\n\t\t\t\t<div class=\"add-cart\" title=\"Ver op\u00e7\u00f5es\"><a href=\"https:\/\/atimilplast.com.br\/loja\/produtos\/carros-bandeja\/carro-extra-i\/\" aria-describedby=\"woocommerce_loop_add_to_cart_link_describedby_7865\" data-quantity=\"1\" class=\"button product_type_variable add_to_cart_button\" data-product_id=\"7865\" data-product_sku=\"\" aria-label=\"Selecione as op\u00e7\u00f5es para &ldquo;Carro Extra I&rdquo;\" rel=\"nofollow\"><span class=\"title-cart\">Ver op\u00e7\u00f5es<\/span><\/a>            <span id=\"woocommerce_loop_add_to_cart_link_describedby_7865\" class=\"screen-reader-text\">\r\n            Este produto tem v\u00e1rias variantes. As op\u00e7\u00f5es podem ser escolhidas na p\u00e1gina do produto        <\/span>\r\n    <\/div>\t\t\t<\/div>\r\n\t\t<\/div>\r\n\t\t\t\t\r\n\t\t\t\t\r\n\t\t<div class=\"caption\">\r\n\t\t\t            <div class=\"group-content\">\r\n                                            <\/div>\r\n\r\n\t\t\t        <h3 class=\"name \"><a href=\"https:\/\/atimilplast.com.br\/loja\/produtos\/carros-bandeja\/carro-extra-i\/\">Carro Extra I<\/a><\/h3>\r\n        \t\t\t\t\t\t\r\n\t\t\t\n\t<span class=\"price\"><span class=\"woocommerce-Price-amount amount\"><bdi><span class=\"woocommerce-Price-currencySymbol\">&#82;&#36;<\/span>&nbsp;0,00<\/bdi><\/span><\/span>\n\t\t\t\r\n\t\t\t\r\n\r\n\t\t\t\t\r\n\t\t\t\r\n\t\t\t\t\t<\/div>\r\n\r\n\t\t\r\n\t\t\r\n            <\/div>\r\n    \r\n\t<\/div>\r\n\t\t\t<\/div>\r\n        <\/div>\r\n\r\n    \r\n        <div class=\"item\">\r\n\t\t\t<div class=\"products-grid product type-product post-7854 status-publish instock product_cat-carros-bandeja product_cat-carros-funcionais has-post-thumbnail shipping-taxable purchasable product-type-variable\">\r\n\t\t\t<div class=\"product-block grid product v1\" data-product-id=\"7854\">\r\n\t\t<div class=\"product-content\">\r\n\t\t\r\n\t\t<div class=\"block-inner\">\r\n\t\t\t<figure class=\"image \">\r\n\t\t\t\t<a title=\"Carro Extra Triplex\" href=\"https:\/\/atimilplast.com.br\/loja\/produtos\/carros-bandeja\/7854\/\" class=\"product-image\">\r\n\t\t\t\t\t<img loading=\"lazy\" decoding=\"async\" width=\"406\" height=\"406\" src=\"https:\/\/atimilplast.com.br\/loja\/wp-content\/uploads\/2024\/08\/carro-extra-triplex-500x544-1-406x406.jpg\" class=\"attachment-woocommerce_thumbnail size-woocommerce_thumbnail\" alt=\"Carro Extra Triplex\" \/>\t\t\t\t<\/a>\r\n\t\t\t\t\r\n\t\t\t\t\t\t\t\r\n\t\t\t\t\t\t<\/figure>\r\n\t\t\t<div class=\"group-buttons\">\t\r\n\t\t\t\t\t\t    <\/div>\r\n            <div class=\"group-add-to-cart\">\r\n\t\t\t\t<div class=\"add-cart\" title=\"Ver op\u00e7\u00f5es\"><a href=\"https:\/\/atimilplast.com.br\/loja\/produtos\/carros-bandeja\/7854\/\" aria-describedby=\"woocommerce_loop_add_to_cart_link_describedby_7854\" data-quantity=\"1\" class=\"button product_type_variable add_to_cart_button\" data-product_id=\"7854\" data-product_sku=\"\" aria-label=\"Selecione as op\u00e7\u00f5es para &ldquo;Carro Extra Triplex&rdquo;\" rel=\"nofollow\"><span class=\"title-cart\">Ver op\u00e7\u00f5es<\/span><\/a>            <span id=\"woocommerce_loop_add_to_cart_link_describedby_7854\" class=\"screen-reader-text\">\r\n            Este produto tem v\u00e1rias variantes. As op\u00e7\u00f5es podem ser escolhidas na p\u00e1gina do produto        <\/span>\r\n    <\/div>\t\t\t<\/div>\r\n\t\t<\/div>\r\n\t\t\t\t\r\n\t\t\t\t\r\n\t\t<div class=\"caption\">\r\n\t\t\t            <div class=\"group-content\">\r\n                                            <\/div>\r\n\r\n\t\t\t        <h3 class=\"name \"><a href=\"https:\/\/atimilplast.com.br\/loja\/produtos\/carros-bandeja\/7854\/\">Carro Extra Triplex<\/a><\/h3>\r\n        \t\t\t\t\t\t\r\n\t\t\t\n\t<span class=\"price\"><span class=\"woocommerce-Price-amount amount\"><bdi><span class=\"woocommerce-Price-currencySymbol\">&#82;&#36;<\/span>&nbsp;0,00<\/bdi><\/span><\/span>\n\t\t\t\r\n\t\t\t\r\n\r\n\t\t\t\t\r\n\t\t\t\r\n\t\t\t\t\t<\/div>\r\n\r\n\t\t\r\n\t\t\r\n            <\/div>\r\n    \r\n\t<\/div>\r\n\t\t\t<\/div>\r\n        <\/div>\r\n\r\n    \r\n        <div class=\"item\">\r\n\t\t\t<div class=\"products-grid product type-product post-7805 status-publish last instock product_cat-carros-funcionais product_cat-carros-hospitalares has-post-thumbnail shipping-taxable purchasable product-type-variable\">\r\n\t\t\t<div class=\"product-block grid product v1\" data-product-id=\"7805\">\r\n\t\t<div class=\"product-content\">\r\n\t\t\r\n\t\t<div class=\"block-inner\">\r\n\t\t\t<figure class=\"image \">\r\n\t\t\t\t<a title=\"Hosp &#8211; Linha 200\" href=\"https:\/\/atimilplast.com.br\/loja\/produtos\/carros-funcionais\/hosp-linha-200\/\" class=\"product-image\">\r\n\t\t\t\t\t<img loading=\"lazy\" decoding=\"async\" width=\"400\" height=\"400\" src=\"https:\/\/atimilplast.com.br\/loja\/wp-content\/uploads\/2024\/04\/Hosp-101-01-400x400-1.png\" class=\"attachment-woocommerce_thumbnail size-woocommerce_thumbnail\" alt=\"Hosp - Linha 200\" \/>\t\t\t\t<\/a>\r\n\t\t\t\t\r\n\t\t\t\t\t\t\t\r\n\t\t\t\t\t\t<\/figure>\r\n\t\t\t<div class=\"group-buttons\">\t\r\n\t\t\t\t\t\t    <\/div>\r\n            <div class=\"group-add-to-cart\">\r\n\t\t\t\t<div class=\"add-cart\" title=\"Ver op\u00e7\u00f5es\"><a href=\"https:\/\/atimilplast.com.br\/loja\/produtos\/carros-funcionais\/hosp-linha-200\/\" aria-describedby=\"woocommerce_loop_add_to_cart_link_describedby_7805\" data-quantity=\"1\" class=\"button product_type_variable add_to_cart_button\" data-product_id=\"7805\" data-product_sku=\"\" aria-label=\"Selecione as op\u00e7\u00f5es para &ldquo;Hosp - Linha 200&rdquo;\" rel=\"nofollow\"><span class=\"title-cart\">Ver op\u00e7\u00f5es<\/span><\/a>            <span id=\"woocommerce_loop_add_to_cart_link_describedby_7805\" class=\"screen-reader-text\">\r\n            Este produto tem v\u00e1rias variantes. As op\u00e7\u00f5es podem ser escolhidas na p\u00e1gina do produto        <\/span>\r\n    <\/div>\t\t\t<\/div>\r\n\t\t<\/div>\r\n\t\t\t\t\r\n\t\t\t\t\r\n\t\t<div class=\"caption\">\r\n\t\t\t            <div class=\"group-content\">\r\n                                            <\/div>\r\n\r\n\t\t\t        <h3 class=\"name \"><a href=\"https:\/\/atimilplast.com.br\/loja\/produtos\/carros-funcionais\/hosp-linha-200\/\">Hosp &#8211; Linha 200<\/a><\/h3>\r\n        \t\t\t\t\t\t\r\n\t\t\t\n\t<span class=\"price\"><span class=\"woocommerce-Price-amount amount\"><bdi><span class=\"woocommerce-Price-currencySymbol\">&#82;&#36;<\/span>&nbsp;1,00<\/bdi><\/span><\/span>\n\t\t\t\r\n\t\t\t\r\n\r\n\t\t\t\t\r\n\t\t\t\r\n\t\t\t\t\t<\/div>\r\n\r\n\t\t\r\n\t\t\r\n            <\/div>\r\n    \r\n\t<\/div>\r\n\t\t\t<\/div>\r\n        <\/div>\r\n\r\n    \r\n        <div class=\"item\">\r\n\t\t\t<div class=\"products-grid product type-product post-7788 status-publish first instock product_cat-carros-funcionais product_cat-carros-hospitalares has-post-thumbnail shipping-taxable purchasable product-type-variable has-default-attributes\">\r\n\t\t\t<div class=\"product-block grid product v1\" data-product-id=\"7788\">\r\n\t\t<div class=\"product-content\">\r\n\t\t\r\n\t\t<div class=\"block-inner\">\r\n\t\t\t<figure class=\"image \">\r\n\t\t\t\t<a title=\"Hosp &#8211; Linha 100\" href=\"https:\/\/atimilplast.com.br\/loja\/produtos\/carros-funcionais\/hosp-linha-100\/\" class=\"product-image\">\r\n\t\t\t\t\t<img loading=\"lazy\" decoding=\"async\" width=\"406\" height=\"406\" src=\"https:\/\/atimilplast.com.br\/loja\/wp-content\/uploads\/2024\/03\/HOSP-100-406x406.png\" class=\"attachment-woocommerce_thumbnail size-woocommerce_thumbnail\" alt=\"Hosp - Linha 100\" \/>\t\t\t\t<\/a>\r\n\t\t\t\t\r\n\t\t\t\t\t\t\t\r\n\t\t\t\t\t\t<\/figure>\r\n\t\t\t<div class=\"group-buttons\">\t\r\n\t\t\t\t\t\t    <\/div>\r\n            <div class=\"group-add-to-cart\">\r\n\t\t\t\t<div class=\"add-cart\" title=\"Ver op\u00e7\u00f5es\"><a href=\"https:\/\/atimilplast.com.br\/loja\/produtos\/carros-funcionais\/hosp-linha-100\/\" aria-describedby=\"woocommerce_loop_add_to_cart_link_describedby_7788\" data-quantity=\"1\" class=\"button product_type_variable add_to_cart_button\" data-product_id=\"7788\" data-product_sku=\"\" aria-label=\"Selecione as op\u00e7\u00f5es para &ldquo;Hosp - Linha 100&rdquo;\" rel=\"nofollow\"><span class=\"title-cart\">Ver op\u00e7\u00f5es<\/span><\/a>            <span id=\"woocommerce_loop_add_to_cart_link_describedby_7788\" class=\"screen-reader-text\">\r\n            Este produto tem v\u00e1rias variantes. As op\u00e7\u00f5es podem ser escolhidas na p\u00e1gina do produto        <\/span>\r\n    <\/div>\t\t\t<\/div>\r\n\t\t<\/div>\r\n\t\t\t\t\r\n\t\t\t\t\r\n\t\t<div class=\"caption\">\r\n\t\t\t            <div class=\"group-content\">\r\n                                            <\/div>\r\n\r\n\t\t\t        <h3 class=\"name \"><a href=\"https:\/\/atimilplast.com.br\/loja\/produtos\/carros-funcionais\/hosp-linha-100\/\">Hosp &#8211; Linha 100<\/a><\/h3>\r\n        \t\t\t\t\t\t\r\n\t\t\t\n\t<span class=\"price\"><span class=\"woocommerce-Price-amount amount\"><bdi><span class=\"woocommerce-Price-currencySymbol\">&#82;&#36;<\/span>&nbsp;0,00<\/bdi><\/span><\/span>\n\t\t\t\r\n\t\t\t\r\n\r\n\t\t\t\t\r\n\t\t\t\r\n\t\t\t\t\t<\/div>\r\n\r\n\t\t\r\n\t\t\r\n            <\/div>\r\n    \r\n\t<\/div>\r\n\t\t\t<\/div>\r\n        <\/div>\r\n\r\n    \r\n        <div class=\"item\">\r\n\t\t\t<div class=\"products-grid product type-product post-7784 status-publish instock product_cat-carros-funcionais product_cat-carros-hoteleiros has-post-thumbnail shipping-taxable product-type-simple\">\r\n\t\t\t<div class=\"product-block grid product v1\" data-product-id=\"7784\">\r\n\t\t<div class=\"product-content\">\r\n\t\t\r\n\t\t<div class=\"block-inner\">\r\n\t\t\t<figure class=\"image \">\r\n\t\t\t\t<a title=\"Grand Hotel 01\" href=\"https:\/\/atimilplast.com.br\/loja\/produtos\/carros-funcionais\/grand-hotel-01\/\" class=\"product-image\">\r\n\t\t\t\t\t<img loading=\"lazy\" decoding=\"async\" width=\"406\" height=\"406\" src=\"https:\/\/atimilplast.com.br\/loja\/wp-content\/uploads\/2024\/03\/GRAND-01-406x406.jpg\" class=\"attachment-woocommerce_thumbnail size-woocommerce_thumbnail\" alt=\"Grand Hotel 01\" \/>\t\t\t\t<\/a>\r\n\t\t\t\t\r\n\t\t\t\t\t\t\t\r\n\t\t\t\t\t\t<\/figure>\r\n\t\t\t<div class=\"group-buttons\">\t\r\n\t\t\t\t\t\t    <\/div>\r\n            <div class=\"group-add-to-cart\">\r\n\t\t\t\t<div class=\"add-cart\" title=\"Leia mais\"><a href=\"https:\/\/atimilplast.com.br\/loja\/produtos\/carros-funcionais\/grand-hotel-01\/\" aria-describedby=\"woocommerce_loop_add_to_cart_link_describedby_7784\" data-quantity=\"1\" class=\"button product_type_simple\" data-product_id=\"7784\" data-product_sku=\"\" aria-label=\"Leia mais sobre &ldquo;Grand Hotel 01&rdquo;\" rel=\"nofollow\" data-success_message=\"\"><span class=\"title-cart\">Leia mais<\/span><\/a>            <span id=\"woocommerce_loop_add_to_cart_link_describedby_7784\" class=\"screen-reader-text\">\r\n                    <\/span>\r\n    <\/div>\t\t\t<\/div>\r\n\t\t<\/div>\r\n\t\t\t\t\r\n\t\t\t\t\r\n\t\t<div class=\"caption\">\r\n\t\t\t            <div class=\"group-content\">\r\n                                            <\/div>\r\n\r\n\t\t\t        <h3 class=\"name \"><a href=\"https:\/\/atimilplast.com.br\/loja\/produtos\/carros-funcionais\/grand-hotel-01\/\">Grand Hotel 01<\/a><\/h3>\r\n        \t\t\t\t\t\t\r\n\t\t\t\n\t\t\t\r\n\t\t\t\r\n\r\n\t\t\t\t\r\n\t\t\t\r\n\t\t\t\t\t<\/div>\r\n\r\n\t\t\r\n\t\t\r\n            <\/div>\r\n    \r\n\t<\/div>\r\n\t\t\t<\/div>\r\n        <\/div>\r\n\r\n    \r\n        <div class=\"item\">\r\n\t\t\t<div class=\"products-grid product type-product post-7781 status-publish instock product_cat-carros-funcionais product_cat-carros-hoteleiros has-post-thumbnail shipping-taxable product-type-simple\">\r\n\t\t\t<div class=\"product-block grid product v1\" data-product-id=\"7781\">\r\n\t\t<div class=\"product-content\">\r\n\t\t\r\n\t\t<div class=\"block-inner\">\r\n\t\t\t<figure class=\"image \">\r\n\t\t\t\t<a title=\"Grand Hotel 02\" href=\"https:\/\/atimilplast.com.br\/loja\/produtos\/carros-funcionais\/grand-hotel-02\/\" class=\"product-image\">\r\n\t\t\t\t\t<img loading=\"lazy\" decoding=\"async\" width=\"406\" height=\"406\" src=\"https:\/\/atimilplast.com.br\/loja\/wp-content\/uploads\/2024\/03\/GRAND-02-406x406.jpg\" class=\"attachment-woocommerce_thumbnail size-woocommerce_thumbnail\" alt=\"Grand Hotel 02\" \/>\t\t\t\t<\/a>\r\n\t\t\t\t\r\n\t\t\t\t\t\t\t\r\n\t\t\t\t\t\t<\/figure>\r\n\t\t\t<div class=\"group-buttons\">\t\r\n\t\t\t\t\t\t    <\/div>\r\n            <div class=\"group-add-to-cart\">\r\n\t\t\t\t<div class=\"add-cart\" title=\"Leia mais\"><a href=\"https:\/\/atimilplast.com.br\/loja\/produtos\/carros-funcionais\/grand-hotel-02\/\" aria-describedby=\"woocommerce_loop_add_to_cart_link_describedby_7781\" data-quantity=\"1\" class=\"button product_type_simple\" data-product_id=\"7781\" data-product_sku=\"\" aria-label=\"Leia mais sobre &ldquo;Grand Hotel 02&rdquo;\" rel=\"nofollow\" data-success_message=\"\"><span class=\"title-cart\">Leia mais<\/span><\/a>            <span id=\"woocommerce_loop_add_to_cart_link_describedby_7781\" class=\"screen-reader-text\">\r\n                    <\/span>\r\n    <\/div>\t\t\t<\/div>\r\n\t\t<\/div>\r\n\t\t\t\t\r\n\t\t\t\t\r\n\t\t<div class=\"caption\">\r\n\t\t\t            <div class=\"group-content\">\r\n                                            <\/div>\r\n\r\n\t\t\t        <h3 class=\"name \"><a href=\"https:\/\/atimilplast.com.br\/loja\/produtos\/carros-funcionais\/grand-hotel-02\/\">Grand Hotel 02<\/a><\/h3>\r\n        \t\t\t\t\t\t\r\n\t\t\t\n\t\t\t\r\n\t\t\t\r\n\r\n\t\t\t\t\r\n\t\t\t\r\n\t\t\t\t\t<\/div>\r\n\r\n\t\t\r\n\t\t\r\n            <\/div>\r\n    \r\n\t<\/div>\r\n\t\t\t<\/div>\r\n        <\/div>\r\n\r\n    \r\n        <div class=\"item\">\r\n\t\t\t<div class=\"products-grid product type-product post-7775 status-publish last instock product_cat-carros-funcionais product_cat-carros-hoteleiros has-post-thumbnail shipping-taxable product-type-simple\">\r\n\t\t\t<div class=\"product-block grid product v1\" data-product-id=\"7775\">\r\n\t\t<div class=\"product-content\">\r\n\t\t\r\n\t\t<div class=\"block-inner\">\r\n\t\t\t<figure class=\"image \">\r\n\t\t\t\t<a title=\"Grand Hotel 03\" href=\"https:\/\/atimilplast.com.br\/loja\/produtos\/carros-funcionais\/grand-hotel-03\/\" class=\"product-image\">\r\n\t\t\t\t\t<img loading=\"lazy\" decoding=\"async\" width=\"406\" height=\"406\" src=\"https:\/\/atimilplast.com.br\/loja\/wp-content\/uploads\/2024\/03\/GRAND-03-406x406.jpg\" class=\"attachment-woocommerce_thumbnail size-woocommerce_thumbnail\" alt=\"Grand Hotel 03\" \/>\t\t\t\t<\/a>\r\n\t\t\t\t\r\n\t\t\t\t\t\t\t\r\n\t\t\t\t\t\t<\/figure>\r\n\t\t\t<div class=\"group-buttons\">\t\r\n\t\t\t\t\t\t    <\/div>\r\n            <div class=\"group-add-to-cart\">\r\n\t\t\t\t<div class=\"add-cart\" title=\"Leia mais\"><a href=\"https:\/\/atimilplast.com.br\/loja\/produtos\/carros-funcionais\/grand-hotel-03\/\" aria-describedby=\"woocommerce_loop_add_to_cart_link_describedby_7775\" data-quantity=\"1\" class=\"button product_type_simple\" data-product_id=\"7775\" data-product_sku=\"\" aria-label=\"Leia mais sobre &ldquo;Grand Hotel 03&rdquo;\" rel=\"nofollow\" data-success_message=\"\"><span class=\"title-cart\">Leia mais<\/span><\/a>            <span id=\"woocommerce_loop_add_to_cart_link_describedby_7775\" class=\"screen-reader-text\">\r\n                    <\/span>\r\n    <\/div>\t\t\t<\/div>\r\n\t\t<\/div>\r\n\t\t\t\t\r\n\t\t\t\t\r\n\t\t<div class=\"caption\">\r\n\t\t\t            <div class=\"group-content\">\r\n                                            <\/div>\r\n\r\n\t\t\t        <h3 class=\"name \"><a href=\"https:\/\/atimilplast.com.br\/loja\/produtos\/carros-funcionais\/grand-hotel-03\/\">Grand Hotel 03<\/a><\/h3>\r\n        \t\t\t\t\t\t\r\n\t\t\t\n\t\t\t\r\n\t\t\t\r\n\r\n\t\t\t\t\r\n\t\t\t\r\n\t\t\t\t\t<\/div>\r\n\r\n\t\t\r\n\t\t\r\n            <\/div>\r\n    \r\n\t<\/div>\r\n\t\t\t<\/div>\r\n        <\/div>\r\n\r\n    \r\n        <div class=\"item\">\r\n\t\t\t<div class=\"products-grid product type-product post-7772 status-publish first instock product_cat-carros-funcionais product_cat-carros-hoteleiros has-post-thumbnail shipping-taxable product-type-simple\">\r\n\t\t\t<div class=\"product-block grid product v1\" data-product-id=\"7772\">\r\n\t\t<div class=\"product-content\">\r\n\t\t\r\n\t\t<div class=\"block-inner\">\r\n\t\t\t<figure class=\"image \">\r\n\t\t\t\t<a title=\"Grand Hotel 04\" href=\"https:\/\/atimilplast.com.br\/loja\/produtos\/carros-funcionais\/grand-hotel-04\/\" class=\"product-image\">\r\n\t\t\t\t\t<img loading=\"lazy\" decoding=\"async\" width=\"406\" height=\"406\" src=\"https:\/\/atimilplast.com.br\/loja\/wp-content\/uploads\/2024\/03\/GRAND-04-406x406.jpg\" class=\"attachment-woocommerce_thumbnail size-woocommerce_thumbnail\" alt=\"Grand Hotel 04\" \/>\t\t\t\t<\/a>\r\n\t\t\t\t\r\n\t\t\t\t\t\t\t\r\n\t\t\t\t\t\t<\/figure>\r\n\t\t\t<div class=\"group-buttons\">\t\r\n\t\t\t\t\t\t    <\/div>\r\n            <div class=\"group-add-to-cart\">\r\n\t\t\t\t<div class=\"add-cart\" title=\"Leia mais\"><a href=\"https:\/\/atimilplast.com.br\/loja\/produtos\/carros-funcionais\/grand-hotel-04\/\" aria-describedby=\"woocommerce_loop_add_to_cart_link_describedby_7772\" data-quantity=\"1\" class=\"button product_type_simple\" data-product_id=\"7772\" data-product_sku=\"\" aria-label=\"Leia mais sobre &ldquo;Grand Hotel 04&rdquo;\" rel=\"nofollow\" data-success_message=\"\"><span class=\"title-cart\">Leia mais<\/span><\/a>            <span id=\"woocommerce_loop_add_to_cart_link_describedby_7772\" class=\"screen-reader-text\">\r\n                    <\/span>\r\n    <\/div>\t\t\t<\/div>\r\n\t\t<\/div>\r\n\t\t\t\t\r\n\t\t\t\t\r\n\t\t<div class=\"caption\">\r\n\t\t\t            <div class=\"group-content\">\r\n                                            <\/div>\r\n\r\n\t\t\t        <h3 class=\"name \"><a href=\"https:\/\/atimilplast.com.br\/loja\/produtos\/carros-funcionais\/grand-hotel-04\/\">Grand Hotel 04<\/a><\/h3>\r\n        \t\t\t\t\t\t\r\n\t\t\t\n\t\t\t\r\n\t\t\t\r\n\r\n\t\t\t\t\r\n\t\t\t\r\n\t\t\t\t\t<\/div>\r\n\r\n\t\t\r\n\t\t\r\n            <\/div>\r\n    \r\n\t<\/div>\r\n\t\t\t<\/div>\r\n        <\/div>\r\n\r\n    \r\n        <div class=\"item\">\r\n\t\t\t<div class=\"products-grid product type-product post-7766 status-publish instock product_cat-carros-funcionais product_cat-carros-hoteleiros has-post-thumbnail shipping-taxable product-type-simple\">\r\n\t\t\t<div class=\"product-block grid product v1\" data-product-id=\"7766\">\r\n\t\t<div class=\"product-content\">\r\n\t\t\r\n\t\t<div class=\"block-inner\">\r\n\t\t\t<figure class=\"image \">\r\n\t\t\t\t<a title=\"Grand Hotel 05\" href=\"https:\/\/atimilplast.com.br\/loja\/produtos\/carros-funcionais\/grand-hotel-05\/\" class=\"product-image\">\r\n\t\t\t\t\t<img loading=\"lazy\" decoding=\"async\" width=\"406\" height=\"406\" src=\"https:\/\/atimilplast.com.br\/loja\/wp-content\/uploads\/2024\/03\/GRAND-05-406x406.jpg\" class=\"attachment-woocommerce_thumbnail size-woocommerce_thumbnail\" alt=\"Grand Hotel 05\" \/>\t\t\t\t<\/a>\r\n\t\t\t\t\r\n\t\t\t\t\t\t\t\r\n\t\t\t\t\t\t<\/figure>\r\n\t\t\t<div class=\"group-buttons\">\t\r\n\t\t\t\t\t\t    <\/div>\r\n            <div class=\"group-add-to-cart\">\r\n\t\t\t\t<div class=\"add-cart\" title=\"Leia mais\"><a href=\"https:\/\/atimilplast.com.br\/loja\/produtos\/carros-funcionais\/grand-hotel-05\/\" aria-describedby=\"woocommerce_loop_add_to_cart_link_describedby_7766\" data-quantity=\"1\" class=\"button product_type_simple\" data-product_id=\"7766\" data-product_sku=\"\" aria-label=\"Leia mais sobre &ldquo;Grand Hotel 05&rdquo;\" rel=\"nofollow\" data-success_message=\"\"><span class=\"title-cart\">Leia mais<\/span><\/a>            <span id=\"woocommerce_loop_add_to_cart_link_describedby_7766\" class=\"screen-reader-text\">\r\n                    <\/span>\r\n    <\/div>\t\t\t<\/div>\r\n\t\t<\/div>\r\n\t\t\t\t\r\n\t\t\t\t\r\n\t\t<div class=\"caption\">\r\n\t\t\t            <div class=\"group-content\">\r\n                                            <\/div>\r\n\r\n\t\t\t        <h3 class=\"name \"><a href=\"https:\/\/atimilplast.com.br\/loja\/produtos\/carros-funcionais\/grand-hotel-05\/\">Grand Hotel 05<\/a><\/h3>\r\n        \t\t\t\t\t\t\r\n\t\t\t\n\t\t\t\r\n\t\t\t\r\n\r\n\t\t\t\t\r\n\t\t\t\r\n\t\t\t\t\t<\/div>\r\n\r\n\t\t\r\n\t\t\r\n            <\/div>\r\n    \r\n\t<\/div>\r\n\t\t\t<\/div>\r\n        <\/div>\r\n\r\n    \r\n        <div class=\"item\">\r\n\t\t\t<div class=\"products-grid product type-product post-7760 status-publish instock product_cat-carros-funcionais product_cat-carros-hoteleiros has-post-thumbnail shipping-taxable product-type-simple\">\r\n\t\t\t<div class=\"product-block grid product v1\" data-product-id=\"7760\">\r\n\t\t<div class=\"product-content\">\r\n\t\t\r\n\t\t<div class=\"block-inner\">\r\n\t\t\t<figure class=\"image \">\r\n\t\t\t\t<a title=\"Grand Hotel 06\" href=\"https:\/\/atimilplast.com.br\/loja\/produtos\/carros-funcionais\/grand-hotel-06\/\" class=\"product-image\">\r\n\t\t\t\t\t<img loading=\"lazy\" decoding=\"async\" width=\"406\" height=\"406\" src=\"https:\/\/atimilplast.com.br\/loja\/wp-content\/uploads\/2024\/03\/GRAND-06-406x406.jpg\" class=\"attachment-woocommerce_thumbnail size-woocommerce_thumbnail\" alt=\"Grand Hotel 06\" \/>\t\t\t\t<\/a>\r\n\t\t\t\t\r\n\t\t\t\t\t\t\t\r\n\t\t\t\t\t\t<\/figure>\r\n\t\t\t<div class=\"group-buttons\">\t\r\n\t\t\t\t\t\t    <\/div>\r\n            <div class=\"group-add-to-cart\">\r\n\t\t\t\t<div class=\"add-cart\" title=\"Leia mais\"><a href=\"https:\/\/atimilplast.com.br\/loja\/produtos\/carros-funcionais\/grand-hotel-06\/\" aria-describedby=\"woocommerce_loop_add_to_cart_link_describedby_7760\" data-quantity=\"1\" class=\"button product_type_simple\" data-product_id=\"7760\" data-product_sku=\"\" aria-label=\"Leia mais sobre &ldquo;Grand Hotel 06&rdquo;\" rel=\"nofollow\" data-success_message=\"\"><span class=\"title-cart\">Leia mais<\/span><\/a>            <span id=\"woocommerce_loop_add_to_cart_link_describedby_7760\" class=\"screen-reader-text\">\r\n                    <\/span>\r\n    <\/div>\t\t\t<\/div>\r\n\t\t<\/div>\r\n\t\t\t\t\r\n\t\t\t\t\r\n\t\t<div class=\"caption\">\r\n\t\t\t            <div class=\"group-content\">\r\n                                            <\/div>\r\n\r\n\t\t\t        <h3 class=\"name \"><a href=\"https:\/\/atimilplast.com.br\/loja\/produtos\/carros-funcionais\/grand-hotel-06\/\">Grand Hotel 06<\/a><\/h3>\r\n        \t\t\t\t\t\t\r\n\t\t\t\n\t\t\t\r\n\t\t\t\r\n\r\n\t\t\t\t\r\n\t\t\t\r\n\t\t\t\t\t<\/div>\r\n\r\n\t\t\r\n\t\t\r\n            <\/div>\r\n    \r\n\t<\/div>\r\n\t\t\t<\/div>\r\n        <\/div>\r\n\r\n    \r\n        <div class=\"item\">\r\n\t\t\t<div class=\"products-grid product type-product post-7752 status-publish last instock product_cat-carros-funcionais product_cat-carros-hoteleiros has-post-thumbnail shipping-taxable product-type-simple\">\r\n\t\t\t<div class=\"product-block grid product v1\" data-product-id=\"7752\">\r\n\t\t<div class=\"product-content\">\r\n\t\t\r\n\t\t<div class=\"block-inner\">\r\n\t\t\t<figure class=\"image \">\r\n\t\t\t\t<a title=\"Grand Hotel 07\" href=\"https:\/\/atimilplast.com.br\/loja\/produtos\/carros-funcionais\/grand-hotel-07\/\" class=\"product-image\">\r\n\t\t\t\t\t<img loading=\"lazy\" decoding=\"async\" width=\"406\" height=\"406\" src=\"https:\/\/atimilplast.com.br\/loja\/wp-content\/uploads\/2024\/03\/GRAND-07-1-406x406.jpg\" class=\"attachment-woocommerce_thumbnail size-woocommerce_thumbnail\" alt=\"Grand Hotel 07\" \/>\t\t\t\t<\/a>\r\n\t\t\t\t\r\n\t\t\t\t\t\t\t\r\n\t\t\t\t\t\t<\/figure>\r\n\t\t\t<div class=\"group-buttons\">\t\r\n\t\t\t\t\t\t    <\/div>\r\n            <div class=\"group-add-to-cart\">\r\n\t\t\t\t<div class=\"add-cart\" title=\"Leia mais\"><a href=\"https:\/\/atimilplast.com.br\/loja\/produtos\/carros-funcionais\/grand-hotel-07\/\" aria-describedby=\"woocommerce_loop_add_to_cart_link_describedby_7752\" data-quantity=\"1\" class=\"button product_type_simple\" data-product_id=\"7752\" data-product_sku=\"\" aria-label=\"Leia mais sobre &ldquo;Grand Hotel 07&rdquo;\" rel=\"nofollow\" data-success_message=\"\"><span class=\"title-cart\">Leia mais<\/span><\/a>            <span id=\"woocommerce_loop_add_to_cart_link_describedby_7752\" class=\"screen-reader-text\">\r\n                    <\/span>\r\n    <\/div>\t\t\t<\/div>\r\n\t\t<\/div>\r\n\t\t\t\t\r\n\t\t\t\t\r\n\t\t<div class=\"caption\">\r\n\t\t\t            <div class=\"group-content\">\r\n                                            <\/div>\r\n\r\n\t\t\t        <h3 class=\"name \"><a href=\"https:\/\/atimilplast.com.br\/loja\/produtos\/carros-funcionais\/grand-hotel-07\/\">Grand Hotel 07<\/a><\/h3>\r\n        \t\t\t\t\t\t\r\n\t\t\t\n\t\t\t\r\n\t\t\t\r\n\r\n\t\t\t\t\r\n\t\t\t\r\n\t\t\t\t\t<\/div>\r\n\r\n\t\t\r\n\t\t\r\n            <\/div>\r\n    \r\n\t<\/div>\r\n\t\t\t<\/div>\r\n        <\/div>\r\n\r\n     \r\n\r\n    <\/div>\t            <a href=\"https:\/\/atimilplast.com.br\/loja\/produtos\/carros-funcionais\/\" class=\"show-all\">Ver todos os produtos                <i aria-hidden=\"true\" class=\"tb-icon tb-icon-arrow-right\"><\/i>                \r\n            <\/a>\r\n            <\/div>\t\t\t\t<\/div>\n\t\t\t\t<\/div>\n\t\t\t\t<div class=\"elementor-element elementor-element-8a3dd9d elementor-widget elementor-widget-text-editor\" data-id=\"8a3dd9d\" data-element_type=\"widget\" data-e-type=\"widget\" data-widget_type=\"text-editor.default\">\n\t\t\t\t<div class=\"elementor-widget-container\">\n\t\t\t\t\t\t\t\t\t<section class=\"faq-carros-funcionais\"><h2>O que \u00e9 um carro funcional?<\/h2><p>\u00c9 um carrinho multiuso, geralmente com prateleiras ou gavetas, usado para transporte, apoio e organiza\u00e7\u00e3o em diferentes ambientes.<\/p><h2>Para que serve o carro funcional?<\/h2><p>Serve para facilitar o deslocamento de utens\u00edlios, alimentos, materiais de limpeza e insumos com praticidade e seguran\u00e7a.<\/p><h2>Onde posso usar carros funcionais?<\/h2><p>S\u00e3o usados em cozinhas industriais, restaurantes, hospitais, hot\u00e9is, padarias e empresas de limpeza.<\/p><h2>De que material \u00e9 feito?<\/h2><p>Normalmente de a\u00e7o inox, a\u00e7o galvanizado ou pl\u00e1stico resistente, dependendo da aplica\u00e7\u00e3o.<\/p><h2>Quantos andares o carro funcional pode ter?<\/h2><p>Existem modelos de 2, 3 ou mais prateleiras, variando conforme a necessidade de carga e espa\u00e7o.<\/p><h2>Qual \u00e9 a capacidade de carga?<\/h2><p>Depende do modelo; alguns suportam at\u00e9 100 kg e vers\u00f5es refor\u00e7adas podem chegar a 200 kg ou mais.<\/p><h2>O carro funcional tem rodas?<\/h2><p>Sim. Ele possui rod\u00edzios, geralmente dois fixos e dois girat\u00f3rios com freio, para facilitar a mobilidade.<\/p><h2>\u00c9 f\u00e1cil de limpar?<\/h2><p>Sim. Modelos em a\u00e7o inox e pl\u00e1stico t\u00eam superf\u00edcies lisas que facilitam a higieniza\u00e7\u00e3o.<\/p><h2>Carros funcionais s\u00e3o dur\u00e1veis?<\/h2><p>Sim. Quando fabricados em inox ou pl\u00e1sticos de alta resist\u00eancia, podem durar muitos anos.<\/p><h2>Posso usar em hospitais?<\/h2><p>Sim. Carros funcionais em inox s\u00e3o ideais para ambientes hospitalares pela higiene e facilidade de limpeza.<\/p><h2>Existe carro funcional com gaveta?<\/h2><p>Sim. Alguns modelos possuem gavetas ou compartimentos extras para organiza\u00e7\u00e3o.<\/p><h2>\u00c9 poss\u00edvel personalizar o carro funcional?<\/h2><p>Sim. Muitos fabricantes oferecem op\u00e7\u00f5es sob medida em tamanho, n\u00famero de prateleiras e acess\u00f3rios.<\/p><h2>O carro funcional \u00e9 silencioso?<\/h2><p>Com rod\u00edzios de borracha ou poliuretano, ele se movimenta sem ru\u00eddo excessivo.<\/p><h2>Carros funcionais enferrujam?<\/h2><p>Modelos de a\u00e7o inox n\u00e3o enferrujam; os de a\u00e7o galvanizado exigem cuidados extras de manuten\u00e7\u00e3o.<\/p><h2>O carro funcional tem freios?<\/h2><p>Sim. Normalmente dois rod\u00edzios possuem sistema de travamento para manter o carro fixo no lugar.<\/p><h2>Existem modelos dobr\u00e1veis?<\/h2><p>Alguns modelos possuem estrutura dobr\u00e1vel, facilitando o transporte e armazenagem quando n\u00e3o usados.<\/p><h2>Quais acess\u00f3rios est\u00e3o dispon\u00edveis?<\/h2><p>Podem incluir bandejas remov\u00edveis, cestos, suportes laterais e divis\u00f3rias para melhor organiza\u00e7\u00e3o.<\/p><h2>\u00c9 indicado para transporte de alimentos?<\/h2><p>Sim. Os modelos em inox atendem normas sanit\u00e1rias e s\u00e3o adequados para manipula\u00e7\u00e3o de alimentos.<\/p><h2>Carros funcionais reduzem esfor\u00e7o f\u00edsico?<\/h2><p>Sim. Eles permitem transportar grandes volumes sem necessidade de carregar peso manualmente.<\/p><h2>Carros funcionais s\u00e3o recicl\u00e1veis?<\/h2><p>Sim. Modelos em inox e pl\u00e1stico podem ser reciclados ao final da vida \u00fatil.<\/p><\/section>\t\t\t\t\t\t\t\t<\/div>\n\t\t\t\t<\/div>\n\t\t\t\t<\/div>\n\t\t\t\t\t<\/div>\n\t\t\t\t<\/div>\n\t\t\t\t<\/div>\n\t\t","protected":false},"excerpt":{"rendered":"<p>Carros funcionais Todos os Produtos Bituqueira Caixas Pl\u00e1sticas Caixa Container 327L Caixa Organizadora Caixa Pallet Bin Caixas KLT Caixas para Pescados Carros Cuba Carros Funcionais Carros Bandeja Carros Hospitalares Carros Hoteleiros Carros Organizadores Cestos de Lixo Carrinhos Coletores de Lixo Cone Barril Containers de Lixo Estrados de Pl\u00e1sticos Lixeiras Lixeira Inox Com Pedal Lixeiras Basculantes &hellip; <a href=\"https:\/\/atimilplast.com.br\/loja\/produtos\/carros-funcionais\/grand-hotel-07\/\" class=\"more-link\">Continue reading <span class=\"screen-reader-text\">Grand Hotel 07<\/span><\/a><\/p>\n","protected":false},"author":5,"featured_media":0,"parent":9,"menu_order":0,"comment_status":"closed","ping_status":"closed","template":"elementor_header_footer","meta":{"_acf_changed":false,"footnotes":""},"class_list":["post-10008","page","type-page","status-publish","hentry"],"acf":[],"_links":{"self":[{"href":"https:\/\/atimilplast.com.br\/loja\/wp-json\/wp\/v2\/pages\/10008","targetHints":{"allow":["GET"]}}],"collection":[{"href":"https:\/\/atimilplast.com.br\/loja\/wp-json\/wp\/v2\/pages"}],"about":[{"href":"https:\/\/atimilplast.com.br\/loja\/wp-json\/wp\/v2\/types\/page"}],"author":[{"embeddable":true,"href":"https:\/\/atimilplast.com.br\/loja\/wp-json\/wp\/v2\/users\/5"}],"replies":[{"embeddable":true,"href":"https:\/\/atimilplast.com.br\/loja\/wp-json\/wp\/v2\/comments?post=10008"}],"version-history":[{"count":13,"href":"https:\/\/atimilplast.com.br\/loja\/wp-json\/wp\/v2\/pages\/10008\/revisions"}],"predecessor-version":[{"id":10625,"href":"https:\/\/atimilplast.com.br\/loja\/wp-json\/wp\/v2\/pages\/10008\/revisions\/10625"}],"up":[{"embeddable":true,"href":"https:\/\/atimilplast.com.br\/loja\/wp-json\/wp\/v2\/pages\/9"}],"wp:attachment":[{"href":"https:\/\/atimilplast.com.br\/loja\/wp-json\/wp\/v2\/media?parent=10008"}],"curies":[{"name":"wp","href":"https:\/\/api.w.org\/{rel}","templated":true}]}}