{"id":10064,"date":"2025-06-13T09:15:43","date_gmt":"2025-06-13T12:15:43","guid":{"rendered":"https:\/\/atimilplast.com.br\/loja\/?page_id=10064"},"modified":"2025-09-02T13:22:17","modified_gmt":"2025-09-02T16:22:17","slug":"carros-cuba","status":"publish","type":"page","link":"https:\/\/atimilplast.com.br\/loja\/produtos\/carros-cuba\/","title":{"rendered":"Carros Cuba\u00a0"},"content":{"rendered":"\t\t<div data-elementor-type=\"wp-page\" data-elementor-id=\"10064\" class=\"elementor elementor-10064\" data-elementor-post-type=\"page\">\n\t\t\t\t<div class=\"elementor-element elementor-element-614178d e-flex e-con-boxed e-con e-parent\" data-id=\"614178d\" data-element_type=\"container\" data-e-type=\"container\">\n\t\t\t\t\t<div class=\"e-con-inner\">\n\t\t\t\t<div class=\"elementor-element elementor-element-4db1833 elementor-widget elementor-widget-woocommerce-breadcrumb\" data-id=\"4db1833\" data-element_type=\"widget\" data-e-type=\"widget\" data-widget_type=\"woocommerce-breadcrumb.default\">\n\t\t\t\t<div class=\"elementor-widget-container\">\n\t\t\t\t\t<section id=\"tbay-breadcrumb\"  class=\"tbay-breadcrumb  breadcrumbs-color\"><div class=\"container \"><div class=\"breadscrumb-inner\"><ol class=\"tbay-woocommerce-breadcrumb breadcrumb\"><li>In\u00edcio<\/li><\/ol><\/div><\/div><\/section>\t\t\t\t<\/div>\n\t\t\t\t<\/div>\n\t\t\t\t<div class=\"elementor-element elementor-element-968b00c elementor-widget elementor-widget-heading\" data-id=\"968b00c\" data-element_type=\"widget\" data-e-type=\"widget\" data-widget_type=\"heading.default\">\n\t\t\t\t<div class=\"elementor-widget-container\">\n\t\t\t\t\t<h2 class=\"elementor-heading-title elementor-size-default\">Carros cuba<\/h2>\t\t\t\t<\/div>\n\t\t\t\t<\/div>\n\t\t\t\t\t<\/div>\n\t\t\t\t<\/div>\n\t\t<div class=\"elementor-element elementor-element-0e883f8 e-flex e-con-boxed e-con e-parent\" data-id=\"0e883f8\" data-element_type=\"container\" data-e-type=\"container\">\n\t\t\t\t\t<div class=\"e-con-inner\">\n\t\t<div class=\"elementor-element elementor-element-9cb6ddb e-con-full e-flex e-con e-child\" data-id=\"9cb6ddb\" data-element_type=\"container\" data-e-type=\"container\">\n\t\t\t\t<div class=\"elementor-element elementor-element-e29692e elementor-hidden-tablet elementor-hidden-mobile elementor-widget elementor-widget-tbay-menu-vertical\" data-id=\"e29692e\" data-element_type=\"widget\" data-e-type=\"widget\" data-widget_type=\"tbay-menu-vertical.default\">\n\t\t\t\t<div class=\"elementor-widget-container\">\n\t\t\t\t\t<div class=\"tbay-element tbay-element-menu-vertical\">\r\n\t\t<div class=\"menu-vertical-container\"><ul id=\"categories-icon-agl9W\" class=\"menu-vertical nav\"><li id=\"menu-item-9022\" class=\"menu-item menu-item-type-post_type menu-item-object-page menu-item-9022\"><a href=\"https:\/\/atimilplast.com.br\/loja\/produtos\/\">Todos os Produtos<\/a><\/li>\n<li id=\"menu-item-8913\" class=\"menu-item menu-item-type-taxonomy menu-item-object-product_cat menu-item-8913\"><a href=\"https:\/\/atimilplast.com.br\/loja\/produtos\/bituqueira\/\">Bituqueira<\/a><\/li>\n<li id=\"menu-item-8964\" class=\"menu-item menu-item-type-taxonomy menu-item-object-product_cat menu-item-has-children menu-item-8964\"><a href=\"https:\/\/atimilplast.com.br\/loja\/produtos\/caixas-plasticas\/\" title=\"caixas-plasticas\">Caixas Pl\u00e1sticas<\/a>\n<ul class=\"sub-menu\">\n\t<li id=\"menu-item-10334\" class=\"menu-item menu-item-type-post_type menu-item-object-page menu-item-10334\"><a href=\"https:\/\/atimilplast.com.br\/loja\/produtos\/caixas-plasticas\/caixa-container-327l\/\">Caixa Container 327L<\/a><\/li>\n\t<li id=\"menu-item-8296\" class=\"menu-item menu-item-type-taxonomy menu-item-object-product_cat menu-item-8296\"><a href=\"https:\/\/atimilplast.com.br\/loja\/produtos\/caixas-plasticas\/caixas-organizadoras\/\">Caixa Organizadora<\/a><\/li>\n\t<li id=\"menu-item-8928\" class=\"menu-item menu-item-type-taxonomy menu-item-object-product_cat menu-item-8928\"><a href=\"https:\/\/atimilplast.com.br\/loja\/produtos\/caixa-pallet-bin\/\">Caixa Pallet Bin<\/a><\/li>\n\t<li id=\"menu-item-8461\" class=\"menu-item menu-item-type-taxonomy menu-item-object-product_cat menu-item-8461\"><a href=\"https:\/\/atimilplast.com.br\/loja\/produtos\/caixas-klt\/\">Caixas KLT<\/a><\/li>\n\t<li id=\"menu-item-9018\" class=\"menu-item menu-item-type-taxonomy menu-item-object-product_cat menu-item-9018\"><a href=\"https:\/\/atimilplast.com.br\/loja\/produtos\/caixas-para-pescados\/\">Caixas para Pescados<\/a><\/li>\n<\/ul>\n<\/li>\n<li id=\"menu-item-7032\" class=\"menu-item menu-item-type-taxonomy menu-item-object-product_cat menu-item-7032\"><a href=\"https:\/\/atimilplast.com.br\/loja\/produtos\/carros-cuba\/\">Carros Cuba<\/a><\/li>\n<li id=\"menu-item-7740\" class=\"menu-item menu-item-type-taxonomy menu-item-object-product_cat menu-item-has-children menu-item-7740\"><a href=\"https:\/\/atimilplast.com.br\/loja\/produtos\/carros-funcionais\/\">Carros Funcionais<\/a>\n<ul class=\"sub-menu\">\n\t<li id=\"menu-item-7743\" class=\"menu-item menu-item-type-taxonomy menu-item-object-product_cat menu-item-7743\"><a href=\"https:\/\/atimilplast.com.br\/loja\/produtos\/carros-bandeja\/\">Carros Bandeja<\/a><\/li>\n\t<li id=\"menu-item-7742\" class=\"menu-item menu-item-type-taxonomy menu-item-object-product_cat menu-item-7742\"><a href=\"https:\/\/atimilplast.com.br\/loja\/produtos\/carros-hospitalares\/\">Carros Hospitalares<\/a><\/li>\n\t<li id=\"menu-item-7741\" class=\"menu-item menu-item-type-taxonomy menu-item-object-product_cat menu-item-7741\"><a href=\"https:\/\/atimilplast.com.br\/loja\/produtos\/carros-hoteleiros\/\">Carros Hoteleiros<\/a><\/li>\n\t<li id=\"menu-item-7744\" class=\"menu-item menu-item-type-taxonomy menu-item-object-product_cat menu-item-7744\"><a href=\"https:\/\/atimilplast.com.br\/loja\/produtos\/carros-organizadores\/\">Carros Organizadores<\/a><\/li>\n<\/ul>\n<\/li>\n<li id=\"menu-item-7030\" class=\"menu-item menu-item-type-taxonomy menu-item-object-product_cat menu-item-7030\"><a href=\"https:\/\/atimilplast.com.br\/loja\/produtos\/cesto-de-lixo\/\">Cestos de Lixo<\/a><\/li>\n<li id=\"menu-item-8911\" class=\"menu-item menu-item-type-taxonomy menu-item-object-product_cat menu-item-8911\"><a href=\"https:\/\/atimilplast.com.br\/loja\/produtos\/carrinhos-coletores-de-lixos\/\">Carrinhos Coletores de Lixo<\/a><\/li>\n<li id=\"menu-item-8915\" class=\"menu-item menu-item-type-taxonomy menu-item-object-product_cat menu-item-8915\"><a href=\"https:\/\/atimilplast.com.br\/loja\/produtos\/cone-barril\/\">Cone Barril<\/a><\/li>\n<li id=\"menu-item-7029\" class=\"menu-item menu-item-type-taxonomy menu-item-object-product_cat menu-item-7029\"><a href=\"https:\/\/atimilplast.com.br\/loja\/produtos\/containers-de-lixo\/\">Containers de Lixo<\/a><\/li>\n<li id=\"menu-item-8424\" class=\"menu-item menu-item-type-taxonomy menu-item-object-product_cat menu-item-8424\"><a href=\"https:\/\/atimilplast.com.br\/loja\/produtos\/estrados-de-plasticos\/\">Estrados de Pl\u00e1sticos<\/a><\/li>\n<li id=\"menu-item-9746\" class=\"menu-item menu-item-type-custom menu-item-object-custom menu-item-has-children menu-item-9746\"><a href=\"https:\/\/atimilplast.com.br\/loja\/categoria\/lixeiras\/\">Lixeiras<\/a>\n<ul class=\"sub-menu\">\n\t<li id=\"menu-item-8353\" class=\"menu-item menu-item-type-taxonomy menu-item-object-product_cat menu-item-8353\"><a href=\"https:\/\/atimilplast.com.br\/loja\/produtos\/lixeiras\/lixeira-inox-com-pedal\/\">Lixeira Inox Com Pedal<\/a><\/li>\n\t<li id=\"menu-item-8456\" class=\"menu-item menu-item-type-taxonomy menu-item-object-product_cat menu-item-8456\"><a href=\"https:\/\/atimilplast.com.br\/loja\/produtos\/lixeiras\/lixeiras-basculantes\/\">Lixeiras Basculantes<\/a><\/li>\n\t<li id=\"menu-item-10247\" class=\"menu-item menu-item-type-post_type menu-item-object-page menu-item-10247\"><a href=\"https:\/\/atimilplast.com.br\/loja\/produtos\/lixeiras\/lixeiras-para-coleta-seletiva-50l\/\">Lixeiras para Coleta Seletiva 50L<\/a><\/li>\n\t<li id=\"menu-item-8956\" class=\"menu-item menu-item-type-taxonomy menu-item-object-product_cat menu-item-8956\"><a href=\"https:\/\/atimilplast.com.br\/loja\/produtos\/lixeiras\/lixeiras-com-pedal\/\">Lixeiras com Pedal<\/a><\/li>\n\t<li id=\"menu-item-8930\" class=\"menu-item menu-item-type-taxonomy menu-item-object-product_cat menu-item-8930\"><a href=\"https:\/\/atimilplast.com.br\/loja\/produtos\/lixeiras\/lixeiras-para-coleta-seletiva-100l\/\">Lixeiras para Coleta Seletiva 100L<\/a><\/li>\n\t<li id=\"menu-item-8938\" class=\"menu-item menu-item-type-taxonomy menu-item-object-product_cat menu-item-8938\"><a href=\"https:\/\/atimilplast.com.br\/loja\/produtos\/lixeiras\/lixeiras-papeleiras-50l\/\">Lixeiras Papeleiras 50L<\/a><\/li>\n\t<li id=\"menu-item-8954\" class=\"menu-item menu-item-type-taxonomy menu-item-object-product_cat menu-item-8954\"><a href=\"https:\/\/atimilplast.com.br\/loja\/produtos\/lixeiras\/lixeiras-para-coleta-seletiva-60l\/\">Lixeiras para Coleta Seletiva 60L<\/a><\/li>\n<\/ul>\n<\/li>\n<li id=\"menu-item-8929\" class=\"menu-item menu-item-type-taxonomy menu-item-object-product_cat menu-item-8929\"><a href=\"https:\/\/atimilplast.com.br\/loja\/produtos\/moveis-plasticos\/\">M\u00f3veis Pl\u00e1sticos<\/a><\/li>\n<li id=\"menu-item-10291\" class=\"menu-item menu-item-type-custom menu-item-object-custom menu-item-10291\"><a href=\"https:\/\/atimilplast.com.br\/loja\/produtos\/pallets-de-contencao\/\">Pallets de Conten\u00e7\u00e3o<\/a><\/li>\n<li id=\"menu-item-8957\" class=\"menu-item menu-item-type-taxonomy menu-item-object-product_cat menu-item-8957\"><a href=\"https:\/\/atimilplast.com.br\/loja\/produtos\/pallets-de-plastico\/\">Pallets de Pl\u00e1stico<\/a><\/li>\n<li id=\"menu-item-8423\" class=\"menu-item menu-item-type-taxonomy menu-item-object-product_cat menu-item-8423\"><a href=\"https:\/\/atimilplast.com.br\/loja\/produtos\/pisos-de-plastico\/\">Pisos de Pl\u00e1stico<\/a><\/li>\n<li id=\"menu-item-7036\" class=\"menu-item menu-item-type-taxonomy menu-item-object-product_cat menu-item-7036\"><a href=\"https:\/\/atimilplast.com.br\/loja\/produtos\/sacos-de-lixo\/\">Sacos de Lixo<\/a><\/li>\n<li id=\"menu-item-8923\" class=\"menu-item menu-item-type-taxonomy menu-item-object-product_cat menu-item-8923\"><a href=\"https:\/\/atimilplast.com.br\/loja\/produtos\/vasos-de-polietileno\/\">Vasos de Polietileno<\/a><\/li>\n<\/ul><\/div>\r\n<\/div>\t\t\t\t<\/div>\n\t\t\t\t<\/div>\n\t\t\t\t<\/div>\n\t\t<div class=\"elementor-element elementor-element-0a74dee e-con-full e-flex e-con e-child\" data-id=\"0a74dee\" data-element_type=\"container\" data-e-type=\"container\">\n\t\t\t\t<div class=\"elementor-element elementor-element-6579952 elementor-hidden-desktop elementor-widget elementor-widget-heading\" data-id=\"6579952\" data-element_type=\"widget\" data-e-type=\"widget\" data-widget_type=\"heading.default\">\n\t\t\t\t<div class=\"elementor-widget-container\">\n\t\t\t\t\t<h2 class=\"elementor-heading-title elementor-size-default\">Carros cuba<\/h2>\t\t\t\t<\/div>\n\t\t\t\t<\/div>\n\t\t\t\t<div class=\"elementor-element elementor-element-ce8eea4 elementor-product-v1 elementor-widget elementor-widget-tbay-product-category\" data-id=\"ce8eea4\" data-element_type=\"widget\" data-e-type=\"widget\" data-widget_type=\"tbay-product-category.default\">\n\t\t\t\t<div class=\"elementor-widget-container\">\n\t\t\t\t\t\r\n<div class=\"tbay-element tbay-element-product-category\">\r\n    \t<div class=\"product-category row grid products\" data-xlgdesktop=\"4\" data-desktop=\"4\" data-desktopsmall=\"2\" data-tablet=\"3\" data-landscape=\"2\" data-mobile=\"2\">\r\n\r\n    \r\n        <div class=\"item\">\r\n\t\t\t<div class=\"products-grid product type-product post-8900 status-publish first instock product_cat-carros-cuba has-post-thumbnail shipping-taxable product-type-simple\">\r\n\t\t\t<div class=\"product-block grid product v1\" data-product-id=\"8900\">\r\n\t\t<div class=\"product-content\">\r\n\t\t\r\n\t\t<div class=\"block-inner\">\r\n\t\t\t<figure class=\"image \">\r\n\t\t\t\t<a title=\"Carro CUBA 600 Litros\" href=\"https:\/\/atimilplast.com.br\/loja\/produtos\/carros-cuba\/carros-cuba-600-litros\/\" class=\"product-image\">\r\n\t\t\t\t\t<img fetchpriority=\"high\" decoding=\"async\" width=\"406\" height=\"406\" src=\"https:\/\/atimilplast.com.br\/loja\/wp-content\/uploads\/2024\/11\/carro-cuba-600-litros-406x406.jpeg\" class=\"attachment-woocommerce_thumbnail size-woocommerce_thumbnail\" alt=\"Carro CUBA 600 Litros\" \/>\t\t\t\t<\/a>\r\n\t\t\t\t\r\n\t\t\t\t\t\t\t\r\n\t\t\t\t\t\t<\/figure>\r\n\t\t\t<div class=\"group-buttons\">\t\r\n\t\t\t\t\t\t    <\/div>\r\n            <div class=\"group-add-to-cart\">\r\n\t\t\t\t<div class=\"add-cart\" title=\"Leia mais\"><a href=\"https:\/\/atimilplast.com.br\/loja\/produtos\/carros-cuba\/carros-cuba-600-litros\/\" aria-describedby=\"woocommerce_loop_add_to_cart_link_describedby_8900\" data-quantity=\"1\" class=\"button product_type_simple\" data-product_id=\"8900\" data-product_sku=\"\" aria-label=\"Leia mais sobre &ldquo;Carro CUBA 600 Litros&rdquo;\" rel=\"nofollow\" data-success_message=\"\"><span class=\"title-cart\">Leia mais<\/span><\/a>            <span id=\"woocommerce_loop_add_to_cart_link_describedby_8900\" class=\"screen-reader-text\">\r\n                    <\/span>\r\n    <\/div>\t\t\t<\/div>\r\n\t\t<\/div>\r\n\t\t\t\t\r\n\t\t\t\t\r\n\t\t<div class=\"caption\">\r\n\t\t\t            <div class=\"group-content\">\r\n                                            <\/div>\r\n\r\n\t\t\t        <h3 class=\"name \"><a href=\"https:\/\/atimilplast.com.br\/loja\/produtos\/carros-cuba\/carros-cuba-600-litros\/\">Carro CUBA 600 Litros<\/a><\/h3>\r\n        \t\t\t\t\t\t\r\n\t\t\t\n\t\t\t\r\n\t\t\t\r\n\r\n\t\t\t\t\r\n\t\t\t\r\n\t\t\t\t\t<\/div>\r\n\r\n\t\t\r\n\t\t\r\n            <\/div>\r\n    \r\n\t<\/div>\r\n\t\t\t<\/div>\r\n        <\/div>\r\n\r\n    \r\n        <div class=\"item\">\r\n\t\t\t<div class=\"products-grid product type-product post-6723 status-publish instock product_cat-carros-cuba has-post-thumbnail product-type-simple\">\r\n\t\t\t<div class=\"product-block grid product v1\" data-product-id=\"6723\">\r\n\t\t<div class=\"product-content\">\r\n\t\t\r\n\t\t<div class=\"block-inner\">\r\n\t\t\t<figure class=\"image \">\r\n\t\t\t\t<a title=\"Carro Cuba 600 Litros \u2013 Com Estrutura Met\u00e1lica Sem Tampa\" href=\"https:\/\/atimilplast.com.br\/loja\/produtos\/carros-cuba\/carro-cuba-600-litros-com-estrutura-metalica-sem-tampa\/\" class=\"product-image\">\r\n\t\t\t\t\t<img decoding=\"async\" width=\"406\" height=\"406\" src=\"https:\/\/atimilplast.com.br\/loja\/wp-content\/uploads\/2024\/01\/006-CARRO-CUBA-600-LITROS-\u2013-COM-ESTRUTURA-METALICA-SEM-TAMPA-406x406.jpg\" class=\"attachment-woocommerce_thumbnail size-woocommerce_thumbnail\" alt=\"Carro Cuba 600 Litros \u2013 Com Estrutura Met\u00e1lica Sem Tampa\" \/>\t\t\t\t<\/a>\r\n\t\t\t\t\r\n\t\t\t\t\t\t\t\r\n\t\t\t\t\t\t<\/figure>\r\n\t\t\t<div class=\"group-buttons\">\t\r\n\t\t\t\t\t\t    <\/div>\r\n            <div class=\"group-add-to-cart\">\r\n\t\t\t\t<div class=\"add-cart\" title=\"Leia mais\"><a href=\"https:\/\/atimilplast.com.br\/loja\/produtos\/carros-cuba\/carro-cuba-600-litros-com-estrutura-metalica-sem-tampa\/\" aria-describedby=\"woocommerce_loop_add_to_cart_link_describedby_6723\" data-quantity=\"1\" class=\"button product_type_simple\" data-product_id=\"6723\" data-product_sku=\"\" aria-label=\"Leia mais sobre &ldquo;Carro Cuba 600 Litros \u2013 Com Estrutura Met\u00e1lica Sem Tampa&rdquo;\" rel=\"nofollow\" data-success_message=\"\"><span class=\"title-cart\">Leia mais<\/span><\/a>            <span id=\"woocommerce_loop_add_to_cart_link_describedby_6723\" class=\"screen-reader-text\">\r\n                    <\/span>\r\n    <\/div>\t\t\t<\/div>\r\n\t\t<\/div>\r\n\t\t\t\t\r\n\t\t\t\t\r\n\t\t<div class=\"caption\">\r\n\t\t\t            <div class=\"group-content\">\r\n                                            <\/div>\r\n\r\n\t\t\t        <h3 class=\"name \"><a href=\"https:\/\/atimilplast.com.br\/loja\/produtos\/carros-cuba\/carro-cuba-600-litros-com-estrutura-metalica-sem-tampa\/\">Carro Cuba 600 Litros \u2013 Com Estrutura Met\u00e1lica Sem Tampa<\/a><\/h3>\r\n        \t\t\t\t\t\t\r\n\t\t\t\n\t\t\t\r\n\t\t\t\r\n\r\n\t\t\t\t\r\n\t\t\t\r\n\t\t\t\t\t<\/div>\r\n\r\n\t\t\r\n\t\t\r\n            <\/div>\r\n    \r\n\t<\/div>\r\n\t\t\t<\/div>\r\n        <\/div>\r\n\r\n    \r\n        <div class=\"item\">\r\n\t\t\t<div class=\"products-grid product type-product post-6720 status-publish instock product_cat-carros-cuba has-post-thumbnail product-type-simple\">\r\n\t\t\t<div class=\"product-block grid product v1\" data-product-id=\"6720\">\r\n\t\t<div class=\"product-content\">\r\n\t\t\r\n\t\t<div class=\"block-inner\">\r\n\t\t\t<figure class=\"image \">\r\n\t\t\t\t<a title=\"Carro Cuba 600 Litros \u2013 Com Estrutura Met\u00e1lica S\" href=\"https:\/\/atimilplast.com.br\/loja\/produtos\/carros-cuba\/carro-cuba-600-litros-com-estrutura-metalica\/\" class=\"product-image\">\r\n\t\t\t\t\t<img decoding=\"async\" width=\"406\" height=\"406\" src=\"https:\/\/atimilplast.com.br\/loja\/wp-content\/uploads\/2024\/01\/005-CARRO-CUBA-600-LITROS-\u2013-COM-ESTRUTURA-METALICA-406x406.jpg\" class=\"attachment-woocommerce_thumbnail size-woocommerce_thumbnail\" alt=\"Carro Cuba 600 Litros \u2013 Com Estrutura Met\u00e1lica S\" \/>\t\t\t\t<\/a>\r\n\t\t\t\t\r\n\t\t\t\t\t\t\t\r\n\t\t\t\t\t\t<\/figure>\r\n\t\t\t<div class=\"group-buttons\">\t\r\n\t\t\t\t\t\t    <\/div>\r\n            <div class=\"group-add-to-cart\">\r\n\t\t\t\t<div class=\"add-cart\" title=\"Leia mais\"><a href=\"https:\/\/atimilplast.com.br\/loja\/produtos\/carros-cuba\/carro-cuba-600-litros-com-estrutura-metalica\/\" aria-describedby=\"woocommerce_loop_add_to_cart_link_describedby_6720\" data-quantity=\"1\" class=\"button product_type_simple\" data-product_id=\"6720\" data-product_sku=\"\" aria-label=\"Leia mais sobre &ldquo;Carro Cuba 600 Litros \u2013 Com Estrutura Met\u00e1lica S&rdquo;\" rel=\"nofollow\" data-success_message=\"\"><span class=\"title-cart\">Leia mais<\/span><\/a>            <span id=\"woocommerce_loop_add_to_cart_link_describedby_6720\" class=\"screen-reader-text\">\r\n                    <\/span>\r\n    <\/div>\t\t\t<\/div>\r\n\t\t<\/div>\r\n\t\t\t\t\r\n\t\t\t\t\r\n\t\t<div class=\"caption\">\r\n\t\t\t            <div class=\"group-content\">\r\n                                            <\/div>\r\n\r\n\t\t\t        <h3 class=\"name \"><a href=\"https:\/\/atimilplast.com.br\/loja\/produtos\/carros-cuba\/carro-cuba-600-litros-com-estrutura-metalica\/\">Carro Cuba 600 Litros \u2013 Com Estrutura Met\u00e1lica S<\/a><\/h3>\r\n        \t\t\t\t\t\t\r\n\t\t\t\n\t\t\t\r\n\t\t\t\r\n\r\n\t\t\t\t\r\n\t\t\t\r\n\t\t\t\t\t<\/div>\r\n\r\n\t\t\r\n\t\t\r\n            <\/div>\r\n    \r\n\t<\/div>\r\n\t\t\t<\/div>\r\n        <\/div>\r\n\r\n    \r\n        <div class=\"item\">\r\n\t\t\t<div class=\"products-grid product type-product post-6717 status-publish last instock product_cat-carros-cuba has-post-thumbnail product-type-simple\">\r\n\t\t\t<div class=\"product-block grid product v1\" data-product-id=\"6717\">\r\n\t\t<div class=\"product-content\">\r\n\t\t\r\n\t\t<div class=\"block-inner\">\r\n\t\t\t<figure class=\"image \">\r\n\t\t\t\t<a title=\"Carro Cuba 180 Litros \u2013 Com Estrutura Met\u00e1lica Sem Tampa\" href=\"https:\/\/atimilplast.com.br\/loja\/produtos\/carros-cuba\/carro-cuba-180-litros-com-estrutura-metalica-sem-tampa\/\" class=\"product-image\">\r\n\t\t\t\t\t<img loading=\"lazy\" decoding=\"async\" width=\"406\" height=\"406\" src=\"https:\/\/atimilplast.com.br\/loja\/wp-content\/uploads\/2024\/01\/004-CARRO-CUBA-180-LITROS-\u2013-COM-ESTRUTURA-METALICA-SEM-TAMPA-406x406.jpg\" class=\"attachment-woocommerce_thumbnail size-woocommerce_thumbnail\" alt=\"Carro Cuba 180 Litros \u2013 Com Estrutura Met\u00e1lica Sem Tampa\" \/>\t\t\t\t<\/a>\r\n\t\t\t\t\r\n\t\t\t\t\t\t\t\r\n\t\t\t\t\t\t<\/figure>\r\n\t\t\t<div class=\"group-buttons\">\t\r\n\t\t\t\t\t\t    <\/div>\r\n            <div class=\"group-add-to-cart\">\r\n\t\t\t\t<div class=\"add-cart\" title=\"Leia mais\"><a href=\"https:\/\/atimilplast.com.br\/loja\/produtos\/carros-cuba\/carro-cuba-180-litros-com-estrutura-metalica-sem-tampa\/\" aria-describedby=\"woocommerce_loop_add_to_cart_link_describedby_6717\" data-quantity=\"1\" class=\"button product_type_simple\" data-product_id=\"6717\" data-product_sku=\"\" aria-label=\"Leia mais sobre &ldquo;Carro Cuba 180 Litros \u2013 Com Estrutura Met\u00e1lica Sem Tampa&rdquo;\" rel=\"nofollow\" data-success_message=\"\"><span class=\"title-cart\">Leia mais<\/span><\/a>            <span id=\"woocommerce_loop_add_to_cart_link_describedby_6717\" class=\"screen-reader-text\">\r\n                    <\/span>\r\n    <\/div>\t\t\t<\/div>\r\n\t\t<\/div>\r\n\t\t\t\t\r\n\t\t\t\t\r\n\t\t<div class=\"caption\">\r\n\t\t\t            <div class=\"group-content\">\r\n                                            <\/div>\r\n\r\n\t\t\t        <h3 class=\"name \"><a href=\"https:\/\/atimilplast.com.br\/loja\/produtos\/carros-cuba\/carro-cuba-180-litros-com-estrutura-metalica-sem-tampa\/\">Carro Cuba 180 Litros \u2013 Com Estrutura Met\u00e1lica Sem Tampa<\/a><\/h3>\r\n        \t\t\t\t\t\t\r\n\t\t\t\n\t\t\t\r\n\t\t\t\r\n\r\n\t\t\t\t\r\n\t\t\t\r\n\t\t\t\t\t<\/div>\r\n\r\n\t\t\r\n\t\t\r\n            <\/div>\r\n    \r\n\t<\/div>\r\n\t\t\t<\/div>\r\n        <\/div>\r\n\r\n    \r\n        <div class=\"item\">\r\n\t\t\t<div class=\"products-grid product type-product post-6714 status-publish first instock product_cat-carros-cuba has-post-thumbnail product-type-simple\">\r\n\t\t\t<div class=\"product-block grid product v1\" data-product-id=\"6714\">\r\n\t\t<div class=\"product-content\">\r\n\t\t\r\n\t\t<div class=\"block-inner\">\r\n\t\t\t<figure class=\"image \">\r\n\t\t\t\t<a title=\"Carro Cuba 180 Litros \u2013 Com Estrutura Met\u00e1lica\" href=\"https:\/\/atimilplast.com.br\/loja\/produtos\/carros-cuba\/carro-cuba-180-litros-com-estrutura-metalica\/\" class=\"product-image\">\r\n\t\t\t\t\t<img loading=\"lazy\" decoding=\"async\" width=\"406\" height=\"406\" src=\"https:\/\/atimilplast.com.br\/loja\/wp-content\/uploads\/2024\/01\/003-CARRO-CUBA-180-LITROS-\u2013-COM-ESTRUTURA-METALICA-406x406.jpg\" class=\"attachment-woocommerce_thumbnail size-woocommerce_thumbnail\" alt=\"Carro Cuba 180 Litros \u2013 Com Estrutura Met\u00e1lica\" \/>\t\t\t\t<\/a>\r\n\t\t\t\t\r\n\t\t\t\t\t\t\t\r\n\t\t\t\t\t\t<\/figure>\r\n\t\t\t<div class=\"group-buttons\">\t\r\n\t\t\t\t\t\t    <\/div>\r\n            <div class=\"group-add-to-cart\">\r\n\t\t\t\t<div class=\"add-cart\" title=\"Leia mais\"><a href=\"https:\/\/atimilplast.com.br\/loja\/produtos\/carros-cuba\/carro-cuba-180-litros-com-estrutura-metalica\/\" aria-describedby=\"woocommerce_loop_add_to_cart_link_describedby_6714\" data-quantity=\"1\" class=\"button product_type_simple\" data-product_id=\"6714\" data-product_sku=\"\" aria-label=\"Leia mais sobre &ldquo;Carro Cuba 180 Litros \u2013 Com Estrutura Met\u00e1lica&rdquo;\" rel=\"nofollow\" data-success_message=\"\"><span class=\"title-cart\">Leia mais<\/span><\/a>            <span id=\"woocommerce_loop_add_to_cart_link_describedby_6714\" class=\"screen-reader-text\">\r\n                    <\/span>\r\n    <\/div>\t\t\t<\/div>\r\n\t\t<\/div>\r\n\t\t\t\t\r\n\t\t\t\t\r\n\t\t<div class=\"caption\">\r\n\t\t\t            <div class=\"group-content\">\r\n                                            <\/div>\r\n\r\n\t\t\t        <h3 class=\"name \"><a href=\"https:\/\/atimilplast.com.br\/loja\/produtos\/carros-cuba\/carro-cuba-180-litros-com-estrutura-metalica\/\">Carro Cuba 180 Litros \u2013 Com Estrutura Met\u00e1lica<\/a><\/h3>\r\n        \t\t\t\t\t\t\r\n\t\t\t\n\t\t\t\r\n\t\t\t\r\n\r\n\t\t\t\t\r\n\t\t\t\r\n\t\t\t\t\t<\/div>\r\n\r\n\t\t\r\n\t\t\r\n            <\/div>\r\n    \r\n\t<\/div>\r\n\t\t\t<\/div>\r\n        <\/div>\r\n\r\n    \r\n        <div class=\"item\">\r\n\t\t\t<div class=\"products-grid product type-product post-6711 status-publish instock product_cat-carros-cuba has-post-thumbnail product-type-simple\">\r\n\t\t\t<div class=\"product-block grid product v1\" data-product-id=\"6711\">\r\n\t\t<div class=\"product-content\">\r\n\t\t\r\n\t\t<div class=\"block-inner\">\r\n\t\t\t<figure class=\"image \">\r\n\t\t\t\t<a title=\"Carro Cuba 430 Litros\" href=\"https:\/\/atimilplast.com.br\/loja\/produtos\/carros-cuba\/carro-cuba-430-litros\/\" class=\"product-image\">\r\n\t\t\t\t\t<img loading=\"lazy\" decoding=\"async\" width=\"406\" height=\"406\" src=\"https:\/\/atimilplast.com.br\/loja\/wp-content\/uploads\/2024\/01\/002-CARRO-CUBA-430-LITROS-406x406.jpg\" class=\"attachment-woocommerce_thumbnail size-woocommerce_thumbnail\" alt=\"Carro Cuba 430 Litros\" \/>\t\t\t\t<\/a>\r\n\t\t\t\t\r\n\t\t\t\t\t\t\t\r\n\t\t\t\t\t\t<\/figure>\r\n\t\t\t<div class=\"group-buttons\">\t\r\n\t\t\t\t\t\t    <\/div>\r\n            <div class=\"group-add-to-cart\">\r\n\t\t\t\t<div class=\"add-cart\" title=\"Leia mais\"><a href=\"https:\/\/atimilplast.com.br\/loja\/produtos\/carros-cuba\/carro-cuba-430-litros\/\" aria-describedby=\"woocommerce_loop_add_to_cart_link_describedby_6711\" data-quantity=\"1\" class=\"button product_type_simple\" data-product_id=\"6711\" data-product_sku=\"\" aria-label=\"Leia mais sobre &ldquo;Carro Cuba 430 Litros&rdquo;\" rel=\"nofollow\" data-success_message=\"\"><span class=\"title-cart\">Leia mais<\/span><\/a>            <span id=\"woocommerce_loop_add_to_cart_link_describedby_6711\" class=\"screen-reader-text\">\r\n                    <\/span>\r\n    <\/div>\t\t\t<\/div>\r\n\t\t<\/div>\r\n\t\t\t\t\r\n\t\t\t\t\r\n\t\t<div class=\"caption\">\r\n\t\t\t            <div class=\"group-content\">\r\n                                            <\/div>\r\n\r\n\t\t\t        <h3 class=\"name \"><a href=\"https:\/\/atimilplast.com.br\/loja\/produtos\/carros-cuba\/carro-cuba-430-litros\/\">Carro Cuba 430 Litros<\/a><\/h3>\r\n        \t\t\t\t\t\t\r\n\t\t\t\n\t\t\t\r\n\t\t\t\r\n\r\n\t\t\t\t\r\n\t\t\t\r\n\t\t\t\t\t<\/div>\r\n\r\n\t\t\r\n\t\t\r\n            <\/div>\r\n    \r\n\t<\/div>\r\n\t\t\t<\/div>\r\n        <\/div>\r\n\r\n    \r\n        <div class=\"item\">\r\n\t\t\t<div class=\"products-grid product type-product post-6708 status-publish instock product_cat-carros-cuba has-post-thumbnail product-type-simple\">\r\n\t\t\t<div class=\"product-block grid product v1\" data-product-id=\"6708\">\r\n\t\t<div class=\"product-content\">\r\n\t\t\r\n\t\t<div class=\"block-inner\">\r\n\t\t\t<figure class=\"image \">\r\n\t\t\t\t<a title=\"Carro Cuba 430 Litros &#8211; Com Estrutura Met\u00e1lica\" href=\"https:\/\/atimilplast.com.br\/loja\/produtos\/carros-cuba\/carro-cuba-430-litros-com-estrutura-metalica\/\" class=\"product-image\">\r\n\t\t\t\t\t<img loading=\"lazy\" decoding=\"async\" width=\"406\" height=\"406\" src=\"https:\/\/atimilplast.com.br\/loja\/wp-content\/uploads\/2024\/01\/001-CARRO-CUBA-430-LITROS-\u2013-COM-ESTRUTURA-METALICA-406x406.png\" class=\"attachment-woocommerce_thumbnail size-woocommerce_thumbnail\" alt=\"Carro Cuba 430 Litros - Com Estrutura Met\u00e1lica\" \/>\t\t\t\t<\/a>\r\n\t\t\t\t\r\n\t\t\t\t\t\t\t\r\n\t\t\t\t\t\t<\/figure>\r\n\t\t\t<div class=\"group-buttons\">\t\r\n\t\t\t\t\t\t    <\/div>\r\n            <div class=\"group-add-to-cart\">\r\n\t\t\t\t<div class=\"add-cart\" title=\"Leia mais\"><a href=\"https:\/\/atimilplast.com.br\/loja\/produtos\/carros-cuba\/carro-cuba-430-litros-com-estrutura-metalica\/\" aria-describedby=\"woocommerce_loop_add_to_cart_link_describedby_6708\" data-quantity=\"1\" class=\"button product_type_simple\" data-product_id=\"6708\" data-product_sku=\"\" aria-label=\"Leia mais sobre &ldquo;Carro Cuba 430 Litros - Com Estrutura Met\u00e1lica&rdquo;\" rel=\"nofollow\" data-success_message=\"\"><span class=\"title-cart\">Leia mais<\/span><\/a>            <span id=\"woocommerce_loop_add_to_cart_link_describedby_6708\" class=\"screen-reader-text\">\r\n                    <\/span>\r\n    <\/div>\t\t\t<\/div>\r\n\t\t<\/div>\r\n\t\t\t\t\r\n\t\t\t\t\r\n\t\t<div class=\"caption\">\r\n\t\t\t            <div class=\"group-content\">\r\n                                            <\/div>\r\n\r\n\t\t\t        <h3 class=\"name \"><a href=\"https:\/\/atimilplast.com.br\/loja\/produtos\/carros-cuba\/carro-cuba-430-litros-com-estrutura-metalica\/\">Carro Cuba 430 Litros &#8211; Com Estrutura Met\u00e1lica<\/a><\/h3>\r\n        \t\t\t\t\t\t\r\n\t\t\t\n\t\t\t\r\n\t\t\t\r\n\r\n\t\t\t\t\r\n\t\t\t\r\n\t\t\t\t\t<\/div>\r\n\r\n\t\t\r\n\t\t\r\n            <\/div>\r\n    \r\n\t<\/div>\r\n\t\t\t<\/div>\r\n        <\/div>\r\n\r\n     \r\n\r\n    <\/div>\t            <a href=\"https:\/\/atimilplast.com.br\/loja\/produtos\/carros-cuba\/\" class=\"show-all\">Ver todos os produtos                <i aria-hidden=\"true\" class=\"tb-icon tb-icon-arrow-right\"><\/i>                \r\n            <\/a>\r\n            <\/div>\t\t\t\t<\/div>\n\t\t\t\t<\/div>\n\t\t\t\t<div class=\"elementor-element elementor-element-579bea4 elementor-widget elementor-widget-text-editor\" data-id=\"579bea4\" data-element_type=\"widget\" data-e-type=\"widget\" data-widget_type=\"text-editor.default\">\n\t\t\t\t<div class=\"elementor-widget-container\">\n\t\t\t\t\t\t\t\t\t<section class=\"faq-carros-cuba\"><h2>O que \u00e9 um carro cuba?<\/h2><p>\u00c9 um carrinho com uma ou mais cubas (geralmente em a\u00e7o inox) para transporte, preparo e apoio em cozinhas profissionais.<\/p><h2>Para que serve o carro cuba?<\/h2><p>Serve para levar alimentos, utens\u00edlios e insumos com higiene e seguran\u00e7a entre \u00e1reas de produ\u00e7\u00e3o, armazenagem e servi\u00e7o.<\/p><h2>De que material \u00e9 feito?<\/h2><p>Normalmente de a\u00e7o inox AISI 304 ou 430, por ser higi\u00eanico, resistente \u00e0 corros\u00e3o e f\u00e1cil de higienizar.<\/p><h2>Qual a capacidade de carga?<\/h2><p>Varia por modelo; vers\u00f5es leves suportam ~80\u2013120 kg e modelos refor\u00e7ados podem ultrapassar 200 kg.<\/p><h2>As cubas seguem padr\u00e3o GN?<\/h2><p>Sim, a maioria utiliza padr\u00e3o Gastronorm (GN) para compatibilidade com tampas, divis\u00f3rias e outros acess\u00f3rios.<\/p><h2>Tem rodas com freio?<\/h2><p>Sim. Geralmente 2 rodas com freio para travamento e 2 livres para manobra.<\/p><h2>\u00c9 adequado para hospitais?<\/h2><p>Sim. O a\u00e7o inox e a constru\u00e7\u00e3o sem cantos vivos facilitam a assepsia exigida em ambientes hospitalares.<\/p><h2>Atende normas da Anvisa?<\/h2><p>Os modelos em inox e com superf\u00edcies lisas facilitam conformidade com RDCs de higiene e manipula\u00e7\u00e3o.<\/p><h2>Posso usar em padarias e restaurantes?<\/h2><p>Sim. \u00c9 indicado para cozinhas industriais, padarias, bares, hot\u00e9is, catering e refeit\u00f3rios.<\/p><h2>Possui dreno na cuba?<\/h2><p>Alguns modelos t\u00eam v\u00e1lvula de dreno para escoar l\u00edquidos; verifique a ficha t\u00e9cnica.<\/p><h2>Tem op\u00e7\u00f5es com tampa?<\/h2><p>Sim. H\u00e1 tampas planas ou com dobradi\u00e7a para proteger os alimentos durante o transporte.<\/p><h2>\u00c9 f\u00e1cil de limpar?<\/h2><p>Sim. O inox permite higieniza\u00e7\u00e3o simples com \u00e1gua, detergente neutro e sanitizantes aprovados.<\/p><h2>Resiste \u00e0 corros\u00e3o?<\/h2><p>Sim. O inox AISI 304 oferece excelente resist\u00eancia; recomenda-se secar ap\u00f3s a lavagem.<\/p><h2>Funciona em piso irregular?<\/h2><p>Sim, desde que use rod\u00edzios de di\u00e2metro adequado e com rolamentos de boa qualidade.<\/p><h2>Faz barulho ao rodar?<\/h2><p>Rod\u00edzios de borracha ou poliuretano reduzem ru\u00eddo e vibra\u00e7\u00e3o durante a movimenta\u00e7\u00e3o.<\/p><h2>\u00c9 poss\u00edvel personalizar medidas?<\/h2><p>Alguns fabricantes oferecem medidas, n\u00famero de cubas e acess\u00f3rios sob medida.<\/p><h2>Quais acess\u00f3rios existem?<\/h2><p>Tampas GN, divis\u00f3rias, prateleiras inferiores, suportes para utens\u00edlios e porta-etiquetas.<\/p><h2>Vem montado?<\/h2><p>Depende do fornecedor. Alguns enviam parcialmente montado; a instala\u00e7\u00e3o dos rod\u00edzios \u00e9 simples.<\/p><h2>Qual a altura padr\u00e3o?<\/h2><p>Geralmente entre 85\u201395 cm, pensada para ergonomia no preparo e no transporte.<\/p><h2>\u00c9 empilh\u00e1vel?<\/h2><p>N\u00e3o. Por possuir estrutura e rod\u00edzios, carros cuba n\u00e3o s\u00e3o empilh\u00e1veis.<\/p><h2>Posso usar com alimentos quentes?<\/h2><p>Sim. O inox suporta altas temperaturas; use EPI e cuidado com choque t\u00e9rmico.<\/p><h2>H\u00e1 modelos com v\u00e1rias cubas?<\/h2><p>Sim. Existem vers\u00f5es com 1, 2 ou mais cubas, de diferentes tamanhos GN.<\/p><h2>Qual a diferen\u00e7a entre AISI 304 e 430?<\/h2><p>O 304 tem maior resist\u00eancia \u00e0 corros\u00e3o e \u00e9 preferido para contato direto com alimentos; o 430 \u00e9 mais econ\u00f4mico.<\/p><h2>Possui garantia?<\/h2><p>Sim. A maioria oferece 12 meses contra defeitos de fabrica\u00e7\u00e3o; confirme com o fornecedor.<\/p><h2>Onde usar no fluxo da cozinha?<\/h2><p>Em mise en place, preparo, distribui\u00e7\u00e3o, apoio ao buffet e retorno da lou\u00e7a\/utens\u00edlios.<\/p><h2>Ajuda na seguran\u00e7a alimentar?<\/h2><p>Sim. Minimiza manuseios desnecess\u00e1rios e favorece a separa\u00e7\u00e3o por etapas e categorias.<\/p><h2>H\u00e1 risco de contamina\u00e7\u00e3o?<\/h2><p>Risco \u00e9 reduzido quando h\u00e1 higieniza\u00e7\u00e3o adequada e separa\u00e7\u00e3o de alimentos crus e prontos.<\/p><h2>Como higienizar corretamente?<\/h2><p>Lave com detergente neutro, enx\u00e1gue, sanitize e seque. Evite palha de a\u00e7o e qu\u00edmicos clorados concentrados.<\/p><h2>Quais cuidados de manuten\u00e7\u00e3o?<\/h2><p>Aperto peri\u00f3dico de parafusos, lubrifica\u00e7\u00e3o leve dos rod\u00edzios e inspe\u00e7\u00e3o de soldas e tampas.<br \/><br \/><\/p><p><strong>Acesse:<\/strong> <a href=\"https:\/\/atimilplast.com.br\/loja\" target=\"_blank\" rel=\"noopener\">www.atimilplast.com.br<\/a><\/p><\/section>\t\t\t\t\t\t\t\t<\/div>\n\t\t\t\t<\/div>\n\t\t\t\t<\/div>\n\t\t\t\t\t<\/div>\n\t\t\t\t<\/div>\n\t\t\t\t<\/div>\n\t\t","protected":false},"excerpt":{"rendered":"<p>Carros cuba Todos os Produtos Bituqueira Caixas Pl\u00e1sticas Caixa Container 327L Caixa Organizadora Caixa Pallet Bin Caixas KLT Caixas para Pescados Carros Cuba Carros Funcionais Carros Bandeja Carros Hospitalares Carros Hoteleiros Carros Organizadores Cestos de Lixo Carrinhos Coletores de Lixo Cone Barril Containers de Lixo Estrados de Pl\u00e1sticos Lixeiras Lixeira Inox Com Pedal Lixeiras Basculantes &hellip; <a href=\"https:\/\/atimilplast.com.br\/loja\/produtos\/carros-cuba\/carro-cuba-430-litros-com-estrutura-metalica\/\" class=\"more-link\">Continue reading <span class=\"screen-reader-text\">Carro Cuba 430 Litros &#8211; Com Estrutura Met\u00e1lica<\/span><\/a><\/p>\n","protected":false},"author":5,"featured_media":0,"parent":9,"menu_order":0,"comment_status":"closed","ping_status":"closed","template":"elementor_header_footer","meta":{"_acf_changed":false,"footnotes":""},"class_list":["post-10064","page","type-page","status-publish","hentry"],"acf":[],"_links":{"self":[{"href":"https:\/\/atimilplast.com.br\/loja\/wp-json\/wp\/v2\/pages\/10064","targetHints":{"allow":["GET"]}}],"collection":[{"href":"https:\/\/atimilplast.com.br\/loja\/wp-json\/wp\/v2\/pages"}],"about":[{"href":"https:\/\/atimilplast.com.br\/loja\/wp-json\/wp\/v2\/types\/page"}],"author":[{"embeddable":true,"href":"https:\/\/atimilplast.com.br\/loja\/wp-json\/wp\/v2\/users\/5"}],"replies":[{"embeddable":true,"href":"https:\/\/atimilplast.com.br\/loja\/wp-json\/wp\/v2\/comments?post=10064"}],"version-history":[{"count":28,"href":"https:\/\/atimilplast.com.br\/loja\/wp-json\/wp\/v2\/pages\/10064\/revisions"}],"predecessor-version":[{"id":10618,"href":"https:\/\/atimilplast.com.br\/loja\/wp-json\/wp\/v2\/pages\/10064\/revisions\/10618"}],"up":[{"embeddable":true,"href":"https:\/\/atimilplast.com.br\/loja\/wp-json\/wp\/v2\/pages\/9"}],"wp:attachment":[{"href":"https:\/\/atimilplast.com.br\/loja\/wp-json\/wp\/v2\/media?parent=10064"}],"curies":[{"name":"wp","href":"https:\/\/api.w.org\/{rel}","templated":true}]}}