{"id":9807,"date":"2025-05-16T00:21:10","date_gmt":"2025-05-16T03:21:10","guid":{"rendered":"https:\/\/atimilplast.com.br\/loja\/?page_id=9807"},"modified":"2025-12-07T09:41:45","modified_gmt":"2025-12-07T12:41:45","slug":"blog","status":"publish","type":"page","link":"https:\/\/atimilplast.com.br\/loja\/blog\/","title":{"rendered":"Blog da Atimil"},"content":{"rendered":"\t\t<div data-elementor-type=\"wp-page\" data-elementor-id=\"9807\" class=\"elementor elementor-9807\" data-elementor-post-type=\"page\">\n\t\t\t\t\t\t<section class=\"elementor-section elementor-top-section elementor-element elementor-element-4f007468 elementor-section-height-min-height elementor-section-boxed elementor-section-height-default elementor-section-items-middle\" data-id=\"4f007468\" data-element_type=\"section\" data-e-type=\"section\" data-settings=\"{&quot;background_background&quot;:&quot;classic&quot;}\">\n\t\t\t\t\t\t\t<div class=\"elementor-background-overlay\"><\/div>\n\t\t\t\t\t\t\t<div class=\"elementor-container elementor-column-gap-default\">\n\t\t\t\t\t<div class=\"elementor-column elementor-col-100 elementor-top-column elementor-element elementor-element-51a2a94d\" data-id=\"51a2a94d\" data-element_type=\"column\" data-e-type=\"column\">\n\t\t\t<div class=\"elementor-widget-wrap elementor-element-populated\">\n\t\t\t\t\t\t<div class=\"elementor-element elementor-element-bc3ddbe elementor-widget elementor-widget-shortcode\" data-id=\"bc3ddbe\" data-element_type=\"widget\" data-e-type=\"widget\" data-widget_type=\"shortcode.default\">\n\t\t\t\t<div class=\"elementor-widget-container\">\n\t\t\t\t\t\t\t<div class=\"elementor-shortcode\"><nav aria-label=\"breadcrumbs\" class=\"rank-math-breadcrumb\"><p><span class=\"last\">In\u00edcio<\/span><\/p><\/nav><\/div>\n\t\t\t\t\t\t<\/div>\n\t\t\t\t<\/div>\n\t\t\t\t<div class=\"elementor-element elementor-element-39dfb956 elementor-widget elementor-widget-heading\" data-id=\"39dfb956\" data-element_type=\"widget\" data-e-type=\"widget\" data-widget_type=\"heading.default\">\n\t\t\t\t<div class=\"elementor-widget-container\">\n\t\t\t\t\t<h1 class=\"elementor-heading-title elementor-size-default\">Blog<\/h1>\t\t\t\t<\/div>\n\t\t\t\t<\/div>\n\t\t\t\t\t<\/div>\n\t\t<\/div>\n\t\t\t\t\t<\/div>\n\t\t<\/section>\n\t\t<div class=\"elementor-element elementor-element-db21fcd e-flex e-con-boxed e-con e-parent\" data-id=\"db21fcd\" data-element_type=\"container\" data-e-type=\"container\">\n\t\t\t\t\t<div class=\"e-con-inner\">\n\t\t\t\t<div class=\"elementor-element elementor-element-0b537e9 elementor-grid-4 elementor-grid-tablet-2 elementor-grid-mobile-1 elementor-posts--thumbnail-top elementor-card-shadow-yes elementor-posts__hover-gradient elementor-widget elementor-widget-posts\" data-id=\"0b537e9\" data-element_type=\"widget\" data-e-type=\"widget\" data-settings=\"{&quot;pagination_type&quot;:&quot;numbers&quot;,&quot;cards_columns&quot;:&quot;4&quot;,&quot;cards_columns_tablet&quot;:&quot;2&quot;,&quot;cards_columns_mobile&quot;:&quot;1&quot;,&quot;cards_row_gap&quot;:{&quot;unit&quot;:&quot;px&quot;,&quot;size&quot;:35,&quot;sizes&quot;:[]},&quot;cards_row_gap_tablet&quot;:{&quot;unit&quot;:&quot;px&quot;,&quot;size&quot;:&quot;&quot;,&quot;sizes&quot;:[]},&quot;cards_row_gap_mobile&quot;:{&quot;unit&quot;:&quot;px&quot;,&quot;size&quot;:&quot;&quot;,&quot;sizes&quot;:[]}}\" data-widget_type=\"posts.cards\">\n\t\t\t\t<div class=\"elementor-widget-container\">\n\t\t\t\t\t\t\t<div class=\"elementor-posts-container elementor-posts elementor-posts--skin-cards elementor-grid\">\n\t\t\t\t<article class=\"elementor-post elementor-grid-item post-11494 post type-post status-publish format-standard has-post-thumbnail hentry category-atimil-plast\">\n\t\t\t<div class=\"elementor-post__card\">\n\t\t\t\t<a class=\"elementor-post__thumbnail__link\" href=\"https:\/\/atimilplast.com.br\/loja\/caixa-container-372l-versatilidade-para-o-seu-negocio\/\" tabindex=\"-1\" ><div class=\"elementor-post__thumbnail\"><img fetchpriority=\"high\" decoding=\"async\" width=\"835\" height=\"577\" src=\"https:\/\/atimilplast.com.br\/loja\/wp-content\/uploads\/2025\/09\/Caixa-Container-372L-Versatilidade-para-o-Seu-Negocio.png\" class=\"attachment-full size-full wp-image-11495\" alt=\"Caixa Container 372L Versatilidade para o Seu Neg\u00f3cio\" \/><\/div><\/a>\n\t\t\t\t<div class=\"elementor-post__badge\">Atimil Plast<\/div>\n\t\t\t\t<div class=\"elementor-post__text\">\n\t\t\t\t<h2 class=\"elementor-post__title\">\n\t\t\t<a href=\"https:\/\/atimilplast.com.br\/loja\/caixa-container-372l-versatilidade-para-o-seu-negocio\/\" >\n\t\t\t\tCaixa Container 372L: Versatilidade para o Seu Neg\u00f3cio\t\t\t<\/a>\n\t\t<\/h2>\n\t\t\t\t\t<div class=\"elementor-post__read-more-wrapper\">\n\t\t\n\t\t<a class=\"elementor-post__read-more\" href=\"https:\/\/atimilplast.com.br\/loja\/caixa-container-372l-versatilidade-para-o-seu-negocio\/\" aria-label=\"Read more about Caixa Container 372L: Versatilidade para o Seu Neg\u00f3cio\" tabindex=\"-1\" >\n\t\t\tSaiba mais\t\t<\/a>\n\n\t\t\t\t\t<\/div>\n\t\t\t\t<\/div>\n\t\t\t\t<div class=\"elementor-post__meta-data\">\n\t\t\t\t\t<span class=\"elementor-post-author\">\n\t\t\tAtimil Plast\t\t<\/span>\n\t\t\t\t<\/div>\n\t\t\t\t\t<\/div>\n\t\t<\/article>\n\t\t\t\t<article class=\"elementor-post elementor-grid-item post-10796 post type-post status-publish format-standard has-post-thumbnail hentry category-atimil-plast\">\n\t\t\t<div class=\"elementor-post__card\">\n\t\t\t\t<a class=\"elementor-post__thumbnail__link\" href=\"https:\/\/atimilplast.com.br\/loja\/por-que-investir-em-pallets-de-plastico-e-melhor-do-que-usar-madeira\/\" tabindex=\"-1\" ><div class=\"elementor-post__thumbnail\"><img decoding=\"async\" width=\"1024\" height=\"1024\" src=\"https:\/\/atimilplast.com.br\/loja\/wp-content\/uploads\/2025\/09\/Investir-em-Pallets-de-Plastico-E-Melhor-do-Que-Usar-Madeira.png\" class=\"attachment-full size-full wp-image-11349\" alt=\"Investir em Pallets de Pl\u00e1stico \u00c9 Melhor do Que Usar Madeira\" \/><\/div><\/a>\n\t\t\t\t<div class=\"elementor-post__badge\">Atimil Plast<\/div>\n\t\t\t\t<div class=\"elementor-post__text\">\n\t\t\t\t<h2 class=\"elementor-post__title\">\n\t\t\t<a href=\"https:\/\/atimilplast.com.br\/loja\/por-que-investir-em-pallets-de-plastico-e-melhor-do-que-usar-madeira\/\" >\n\t\t\t\tPor Que Investir em Pallets de Pl\u00e1stico \u00c9 Melhor do Que Usar Madeira\t\t\t<\/a>\n\t\t<\/h2>\n\t\t\t\t\t<div class=\"elementor-post__read-more-wrapper\">\n\t\t\n\t\t<a class=\"elementor-post__read-more\" href=\"https:\/\/atimilplast.com.br\/loja\/por-que-investir-em-pallets-de-plastico-e-melhor-do-que-usar-madeira\/\" aria-label=\"Read more about Por Que Investir em Pallets de Pl\u00e1stico \u00c9 Melhor do Que Usar Madeira\" tabindex=\"-1\" >\n\t\t\tSaiba mais\t\t<\/a>\n\n\t\t\t\t\t<\/div>\n\t\t\t\t<\/div>\n\t\t\t\t<div class=\"elementor-post__meta-data\">\n\t\t\t\t\t<span class=\"elementor-post-author\">\n\t\t\tAtimil Plast\t\t<\/span>\n\t\t\t\t<\/div>\n\t\t\t\t\t<\/div>\n\t\t<\/article>\n\t\t\t\t<article class=\"elementor-post elementor-grid-item post-10792 post type-post status-publish format-standard has-post-thumbnail hentry category-atimil-plast\">\n\t\t\t<div class=\"elementor-post__card\">\n\t\t\t\t<a class=\"elementor-post__thumbnail__link\" href=\"https:\/\/atimilplast.com.br\/loja\/como-as-caixas-plasticas-otimizam-ambientes-corporativos\/\" tabindex=\"-1\" ><div class=\"elementor-post__thumbnail\"><img decoding=\"async\" width=\"962\" height=\"897\" src=\"https:\/\/atimilplast.com.br\/loja\/wp-content\/uploads\/2025\/07\/Como-as-Caixas-Plasticas-Otimizam-Ambientes-Corporativos.png\" class=\"attachment-full size-full wp-image-11374\" alt=\"Como as Caixas Pl\u00e1sticas Otimizam Ambientes Corporativos\" \/><\/div><\/a>\n\t\t\t\t<div class=\"elementor-post__badge\">Atimil Plast<\/div>\n\t\t\t\t<div class=\"elementor-post__text\">\n\t\t\t\t<h2 class=\"elementor-post__title\">\n\t\t\t<a href=\"https:\/\/atimilplast.com.br\/loja\/como-as-caixas-plasticas-otimizam-ambientes-corporativos\/\" >\n\t\t\t\tComo as Caixas Pl\u00e1sticas Otimizam Ambientes Corporativos\t\t\t<\/a>\n\t\t<\/h2>\n\t\t\t\t\t<div class=\"elementor-post__read-more-wrapper\">\n\t\t\n\t\t<a class=\"elementor-post__read-more\" href=\"https:\/\/atimilplast.com.br\/loja\/como-as-caixas-plasticas-otimizam-ambientes-corporativos\/\" aria-label=\"Read more about Como as Caixas Pl\u00e1sticas Otimizam Ambientes Corporativos\" tabindex=\"-1\" >\n\t\t\tSaiba mais\t\t<\/a>\n\n\t\t\t\t\t<\/div>\n\t\t\t\t<\/div>\n\t\t\t\t<div class=\"elementor-post__meta-data\">\n\t\t\t\t\t<span class=\"elementor-post-author\">\n\t\t\tAtimil Plast\t\t<\/span>\n\t\t\t\t<\/div>\n\t\t\t\t\t<\/div>\n\t\t<\/article>\n\t\t\t\t<article class=\"elementor-post elementor-grid-item post-10789 post type-post status-publish format-standard has-post-thumbnail hentry category-atimil-plast\">\n\t\t\t<div class=\"elementor-post__card\">\n\t\t\t\t<a class=\"elementor-post__thumbnail__link\" href=\"https:\/\/atimilplast.com.br\/loja\/3-erros-comuns-na-escolha-de-lixeiras-seletivas\/\" tabindex=\"-1\" ><div class=\"elementor-post__thumbnail\"><img loading=\"lazy\" decoding=\"async\" width=\"1250\" height=\"902\" src=\"https:\/\/atimilplast.com.br\/loja\/wp-content\/uploads\/2025\/07\/Erros-Comuns-na-Escolha-de-Lixeiras-Seletivas.png\" class=\"attachment-full size-full wp-image-11428\" alt=\"Erros Comuns na Escolha de Lixeiras Seletivas\" \/><\/div><\/a>\n\t\t\t\t<div class=\"elementor-post__badge\">Atimil Plast<\/div>\n\t\t\t\t<div class=\"elementor-post__text\">\n\t\t\t\t<h2 class=\"elementor-post__title\">\n\t\t\t<a href=\"https:\/\/atimilplast.com.br\/loja\/3-erros-comuns-na-escolha-de-lixeiras-seletivas\/\" >\n\t\t\t\t3 Erros Comuns na Escolha de Lixeiras Seletivas\t\t\t<\/a>\n\t\t<\/h2>\n\t\t\t\t\t<div class=\"elementor-post__read-more-wrapper\">\n\t\t\n\t\t<a class=\"elementor-post__read-more\" href=\"https:\/\/atimilplast.com.br\/loja\/3-erros-comuns-na-escolha-de-lixeiras-seletivas\/\" aria-label=\"Read more about 3 Erros Comuns na Escolha de Lixeiras Seletivas\" tabindex=\"-1\" >\n\t\t\tSaiba mais\t\t<\/a>\n\n\t\t\t\t\t<\/div>\n\t\t\t\t<\/div>\n\t\t\t\t<div class=\"elementor-post__meta-data\">\n\t\t\t\t\t<span class=\"elementor-post-author\">\n\t\t\tAtimil Plast\t\t<\/span>\n\t\t\t\t<\/div>\n\t\t\t\t\t<\/div>\n\t\t<\/article>\n\t\t\t\t<article class=\"elementor-post elementor-grid-item post-10786 post type-post status-publish format-standard has-post-thumbnail hentry category-atimil-plast\">\n\t\t\t<div class=\"elementor-post__card\">\n\t\t\t\t<a class=\"elementor-post__thumbnail__link\" href=\"https:\/\/atimilplast.com.br\/loja\/como-os-moveis-plasticos-fazem-a-diferenca-de-hospitais-a-restaurantes\/\" tabindex=\"-1\" ><div class=\"elementor-post__thumbnail\"><img loading=\"lazy\" decoding=\"async\" width=\"1024\" height=\"1024\" src=\"https:\/\/atimilplast.com.br\/loja\/wp-content\/uploads\/2025\/09\/Como-os-Moveis-Plasticos-Fazem-a-Diferenca-de-Hospitais-a-Restaurantes.jpeg\" class=\"attachment-full size-full wp-image-11352\" alt=\"Como os M\u00f3veis Pl\u00e1sticos Fazem a Diferen\u00e7a de Hospitais a Restaurantes\" \/><\/div><\/a>\n\t\t\t\t<div class=\"elementor-post__badge\">Atimil Plast<\/div>\n\t\t\t\t<div class=\"elementor-post__text\">\n\t\t\t\t<h2 class=\"elementor-post__title\">\n\t\t\t<a href=\"https:\/\/atimilplast.com.br\/loja\/como-os-moveis-plasticos-fazem-a-diferenca-de-hospitais-a-restaurantes\/\" >\n\t\t\t\tComo os M\u00f3veis Pl\u00e1sticos Fazem a Diferen\u00e7a de Hospitais a Restaurantes\t\t\t<\/a>\n\t\t<\/h2>\n\t\t\t\t\t<div class=\"elementor-post__read-more-wrapper\">\n\t\t\n\t\t<a class=\"elementor-post__read-more\" href=\"https:\/\/atimilplast.com.br\/loja\/como-os-moveis-plasticos-fazem-a-diferenca-de-hospitais-a-restaurantes\/\" aria-label=\"Read more about Como os M\u00f3veis Pl\u00e1sticos Fazem a Diferen\u00e7a de Hospitais a Restaurantes\" tabindex=\"-1\" >\n\t\t\tSaiba mais\t\t<\/a>\n\n\t\t\t\t\t<\/div>\n\t\t\t\t<\/div>\n\t\t\t\t<div class=\"elementor-post__meta-data\">\n\t\t\t\t\t<span class=\"elementor-post-author\">\n\t\t\tAtimil Plast\t\t<\/span>\n\t\t\t\t<\/div>\n\t\t\t\t\t<\/div>\n\t\t<\/article>\n\t\t\t\t<article class=\"elementor-post elementor-grid-item post-10783 post type-post status-publish format-standard has-post-thumbnail hentry category-atimil-plast\">\n\t\t\t<div class=\"elementor-post__card\">\n\t\t\t\t<a class=\"elementor-post__thumbnail__link\" href=\"https:\/\/atimilplast.com.br\/loja\/residuos-em-solucoes-como-o-lixo-pode-virar-um-novo-produto\/\" tabindex=\"-1\" ><div class=\"elementor-post__thumbnail\"><img loading=\"lazy\" decoding=\"async\" width=\"1024\" height=\"1024\" src=\"https:\/\/atimilplast.com.br\/loja\/wp-content\/uploads\/2025\/09\/Residuos-em-Solucoes-Como-o-Lixo-Pode-Virar-um-Novo-Produto.jpeg\" class=\"attachment-full size-full wp-image-11359\" alt=\"Como o Lixo Pode Virar um Novo Produto\" \/><\/div><\/a>\n\t\t\t\t<div class=\"elementor-post__badge\">Atimil Plast<\/div>\n\t\t\t\t<div class=\"elementor-post__text\">\n\t\t\t\t<h2 class=\"elementor-post__title\">\n\t\t\t<a href=\"https:\/\/atimilplast.com.br\/loja\/residuos-em-solucoes-como-o-lixo-pode-virar-um-novo-produto\/\" >\n\t\t\t\tRes\u00edduos em Solu\u00e7\u00f5es: Como o Lixo Pode Virar um Novo Produto\t\t\t<\/a>\n\t\t<\/h2>\n\t\t\t\t\t<div class=\"elementor-post__read-more-wrapper\">\n\t\t\n\t\t<a class=\"elementor-post__read-more\" href=\"https:\/\/atimilplast.com.br\/loja\/residuos-em-solucoes-como-o-lixo-pode-virar-um-novo-produto\/\" aria-label=\"Read more about Res\u00edduos em Solu\u00e7\u00f5es: Como o Lixo Pode Virar um Novo Produto\" tabindex=\"-1\" >\n\t\t\tSaiba mais\t\t<\/a>\n\n\t\t\t\t\t<\/div>\n\t\t\t\t<\/div>\n\t\t\t\t<div class=\"elementor-post__meta-data\">\n\t\t\t\t\t<span class=\"elementor-post-author\">\n\t\t\tAtimil Plast\t\t<\/span>\n\t\t\t\t<\/div>\n\t\t\t\t\t<\/div>\n\t\t<\/article>\n\t\t\t\t<article class=\"elementor-post elementor-grid-item post-10744 post type-post status-publish format-standard has-post-thumbnail hentry category-atimil-plast\">\n\t\t\t<div class=\"elementor-post__card\">\n\t\t\t\t<a class=\"elementor-post__thumbnail__link\" href=\"https:\/\/atimilplast.com.br\/loja\/pallets-de-contencao-seguranca-ambiental-no-armazenamento-de-produtos-quimicos\/\" tabindex=\"-1\" ><div class=\"elementor-post__thumbnail\"><img loading=\"lazy\" decoding=\"async\" width=\"1024\" height=\"1024\" src=\"https:\/\/atimilplast.com.br\/loja\/wp-content\/uploads\/2025\/09\/Pallets-de-Contencao-Seguranca-Ambiental-no-Armazenamento-de-Produtos-Quimicos.jpeg\" class=\"attachment-full size-full wp-image-11340\" alt=\"Seguran\u00e7a Ambiental no Armazenamento de Produtos Qu\u00edmicos\" \/><\/div><\/a>\n\t\t\t\t<div class=\"elementor-post__badge\">Atimil Plast<\/div>\n\t\t\t\t<div class=\"elementor-post__text\">\n\t\t\t\t<h2 class=\"elementor-post__title\">\n\t\t\t<a href=\"https:\/\/atimilplast.com.br\/loja\/pallets-de-contencao-seguranca-ambiental-no-armazenamento-de-produtos-quimicos\/\" >\n\t\t\t\tPallets de Conten\u00e7\u00e3o: Seguran\u00e7a Ambiental no Armazenamento de Produtos Qu\u00edmicos\t\t\t<\/a>\n\t\t<\/h2>\n\t\t\t\t\t<div class=\"elementor-post__read-more-wrapper\">\n\t\t\n\t\t<a class=\"elementor-post__read-more\" href=\"https:\/\/atimilplast.com.br\/loja\/pallets-de-contencao-seguranca-ambiental-no-armazenamento-de-produtos-quimicos\/\" aria-label=\"Read more about Pallets de Conten\u00e7\u00e3o: Seguran\u00e7a Ambiental no Armazenamento de Produtos Qu\u00edmicos\" tabindex=\"-1\" >\n\t\t\tSaiba mais\t\t<\/a>\n\n\t\t\t\t\t<\/div>\n\t\t\t\t<\/div>\n\t\t\t\t<div class=\"elementor-post__meta-data\">\n\t\t\t\t\t<span class=\"elementor-post-author\">\n\t\t\tAtimil Plast\t\t<\/span>\n\t\t\t\t<\/div>\n\t\t\t\t\t<\/div>\n\t\t<\/article>\n\t\t\t\t<article class=\"elementor-post elementor-grid-item post-10741 post type-post status-publish format-standard has-post-thumbnail hentry category-atimil-plast\">\n\t\t\t<div class=\"elementor-post__card\">\n\t\t\t\t<a class=\"elementor-post__thumbnail__link\" href=\"https:\/\/atimilplast.com.br\/loja\/moveis-plasticos-praticidade-durabilidade-e-economia-para-todos-os-ambientes\/\" tabindex=\"-1\" ><div class=\"elementor-post__thumbnail\"><img loading=\"lazy\" decoding=\"async\" width=\"1024\" height=\"1024\" src=\"https:\/\/atimilplast.com.br\/loja\/wp-content\/uploads\/2025\/09\/Moveis-Plasticos-Praticidade-Durabilidade-e-Economia-para-Todos-os-Ambientes.jpeg\" class=\"attachment-full size-full wp-image-11356\" alt=\"M\u00f3veis Pl\u00e1sticos: Praticidade, Durabilidade e Economia para Todos os Ambientes\" \/><\/div><\/a>\n\t\t\t\t<div class=\"elementor-post__badge\">Atimil Plast<\/div>\n\t\t\t\t<div class=\"elementor-post__text\">\n\t\t\t\t<h2 class=\"elementor-post__title\">\n\t\t\t<a href=\"https:\/\/atimilplast.com.br\/loja\/moveis-plasticos-praticidade-durabilidade-e-economia-para-todos-os-ambientes\/\" >\n\t\t\t\tM\u00f3veis Pl\u00e1sticos: Praticidade, Durabilidade e Economia para Todos os Ambientes\t\t\t<\/a>\n\t\t<\/h2>\n\t\t\t\t\t<div class=\"elementor-post__read-more-wrapper\">\n\t\t\n\t\t<a class=\"elementor-post__read-more\" href=\"https:\/\/atimilplast.com.br\/loja\/moveis-plasticos-praticidade-durabilidade-e-economia-para-todos-os-ambientes\/\" aria-label=\"Read more about M\u00f3veis Pl\u00e1sticos: Praticidade, Durabilidade e Economia para Todos os Ambientes\" tabindex=\"-1\" >\n\t\t\tSaiba mais\t\t<\/a>\n\n\t\t\t\t\t<\/div>\n\t\t\t\t<\/div>\n\t\t\t\t<div class=\"elementor-post__meta-data\">\n\t\t\t\t\t<span class=\"elementor-post-author\">\n\t\t\tAtimil Plast\t\t<\/span>\n\t\t\t\t<\/div>\n\t\t\t\t\t<\/div>\n\t\t<\/article>\n\t\t\t\t<article class=\"elementor-post elementor-grid-item post-10739 post type-post status-publish format-standard has-post-thumbnail hentry category-atimil-plast\">\n\t\t\t<div class=\"elementor-post__card\">\n\t\t\t\t<a class=\"elementor-post__thumbnail__link\" href=\"https:\/\/atimilplast.com.br\/loja\/lixeiras-para-coleta-seletiva-separar-o-lixo-e-simples-e-funciona\/\" tabindex=\"-1\" ><div class=\"elementor-post__thumbnail\"><img loading=\"lazy\" decoding=\"async\" width=\"1024\" height=\"1024\" src=\"https:\/\/atimilplast.com.br\/loja\/wp-content\/uploads\/2025\/09\/Lixeiras-para-Coleta-Seletiva-Separar-o-Lixo-e-Simples-e-Funciona.jpeg\" class=\"attachment-full size-full wp-image-11355\" alt=\"Lixeiras para Coleta Seletiva: Separar o Lixo \u00e9 Simples e Funciona\" \/><\/div><\/a>\n\t\t\t\t<div class=\"elementor-post__badge\">Atimil Plast<\/div>\n\t\t\t\t<div class=\"elementor-post__text\">\n\t\t\t\t<h2 class=\"elementor-post__title\">\n\t\t\t<a href=\"https:\/\/atimilplast.com.br\/loja\/lixeiras-para-coleta-seletiva-separar-o-lixo-e-simples-e-funciona\/\" >\n\t\t\t\tLixeiras para Coleta Seletiva: Separar o Lixo \u00e9 Simples e Funciona\t\t\t<\/a>\n\t\t<\/h2>\n\t\t\t\t\t<div class=\"elementor-post__read-more-wrapper\">\n\t\t\n\t\t<a class=\"elementor-post__read-more\" href=\"https:\/\/atimilplast.com.br\/loja\/lixeiras-para-coleta-seletiva-separar-o-lixo-e-simples-e-funciona\/\" aria-label=\"Read more about Lixeiras para Coleta Seletiva: Separar o Lixo \u00e9 Simples e Funciona\" tabindex=\"-1\" >\n\t\t\tSaiba mais\t\t<\/a>\n\n\t\t\t\t\t<\/div>\n\t\t\t\t<\/div>\n\t\t\t\t<div class=\"elementor-post__meta-data\">\n\t\t\t\t\t<span class=\"elementor-post-author\">\n\t\t\tAtimil Plast\t\t<\/span>\n\t\t\t\t<\/div>\n\t\t\t\t\t<\/div>\n\t\t<\/article>\n\t\t\t\t<article class=\"elementor-post elementor-grid-item post-10737 post type-post status-publish format-standard has-post-thumbnail hentry category-atimil-plast\">\n\t\t\t<div class=\"elementor-post__card\">\n\t\t\t\t<a class=\"elementor-post__thumbnail__link\" href=\"https:\/\/atimilplast.com.br\/loja\/caixas-plasticas-eficiencia-no-armazenamento-e-transporte\/\" tabindex=\"-1\" ><div class=\"elementor-post__thumbnail\"><img loading=\"lazy\" decoding=\"async\" width=\"1024\" height=\"1024\" src=\"https:\/\/atimilplast.com.br\/loja\/wp-content\/uploads\/2025\/09\/Caixas-Plasticas-Eficiencia-no-Armazenamento-e-Transporte.jpeg\" class=\"attachment-full size-full wp-image-11351\" alt=\"Caixas Pl\u00e1sticas Efici\u00eancia no Armazenamento e Transporte\" \/><\/div><\/a>\n\t\t\t\t<div class=\"elementor-post__badge\">Atimil Plast<\/div>\n\t\t\t\t<div class=\"elementor-post__text\">\n\t\t\t\t<h2 class=\"elementor-post__title\">\n\t\t\t<a href=\"https:\/\/atimilplast.com.br\/loja\/caixas-plasticas-eficiencia-no-armazenamento-e-transporte\/\" >\n\t\t\t\tCaixas Pl\u00e1sticas: Efici\u00eancia no Armazenamento e Transporte\t\t\t<\/a>\n\t\t<\/h2>\n\t\t\t\t\t<div class=\"elementor-post__read-more-wrapper\">\n\t\t\n\t\t<a class=\"elementor-post__read-more\" href=\"https:\/\/atimilplast.com.br\/loja\/caixas-plasticas-eficiencia-no-armazenamento-e-transporte\/\" aria-label=\"Read more about Caixas Pl\u00e1sticas: Efici\u00eancia no Armazenamento e Transporte\" tabindex=\"-1\" >\n\t\t\tSaiba mais\t\t<\/a>\n\n\t\t\t\t\t<\/div>\n\t\t\t\t<\/div>\n\t\t\t\t<div class=\"elementor-post__meta-data\">\n\t\t\t\t\t<span class=\"elementor-post-author\">\n\t\t\tAtimil Plast\t\t<\/span>\n\t\t\t\t<\/div>\n\t\t\t\t\t<\/div>\n\t\t<\/article>\n\t\t\t\t<article class=\"elementor-post elementor-grid-item post-10723 post type-post status-publish format-standard has-post-thumbnail hentry category-atimil-plast\">\n\t\t\t<div class=\"elementor-post__card\">\n\t\t\t\t<a class=\"elementor-post__thumbnail__link\" href=\"https:\/\/atimilplast.com.br\/loja\/caixa-plastica-372l-com-ou-sem-rodas-descubra-a-ideal\/\" tabindex=\"-1\" ><div class=\"elementor-post__thumbnail\"><img loading=\"lazy\" decoding=\"async\" width=\"1024\" height=\"1024\" src=\"https:\/\/atimilplast.com.br\/loja\/wp-content\/uploads\/2025\/09\/Caixa-plastica-372L-com-ou-sem-rodas-Descubra-a-ideal.jpeg\" class=\"attachment-full size-full wp-image-11350\" alt=\"Caixa pl\u00e1stica 372L com ou sem rodas? Descubra a ideal!\" \/><\/div><\/a>\n\t\t\t\t<div class=\"elementor-post__badge\">Atimil Plast<\/div>\n\t\t\t\t<div class=\"elementor-post__text\">\n\t\t\t\t<h2 class=\"elementor-post__title\">\n\t\t\t<a href=\"https:\/\/atimilplast.com.br\/loja\/caixa-plastica-372l-com-ou-sem-rodas-descubra-a-ideal\/\" >\n\t\t\t\tCaixa pl\u00e1stica 372L com ou sem rodas? Descubra a ideal!\t\t\t<\/a>\n\t\t<\/h2>\n\t\t\t\t\t<div class=\"elementor-post__read-more-wrapper\">\n\t\t\n\t\t<a class=\"elementor-post__read-more\" href=\"https:\/\/atimilplast.com.br\/loja\/caixa-plastica-372l-com-ou-sem-rodas-descubra-a-ideal\/\" aria-label=\"Read more about Caixa pl\u00e1stica 372L com ou sem rodas? Descubra a ideal!\" tabindex=\"-1\" >\n\t\t\tSaiba mais\t\t<\/a>\n\n\t\t\t\t\t<\/div>\n\t\t\t\t<\/div>\n\t\t\t\t<div class=\"elementor-post__meta-data\">\n\t\t\t\t\t<span class=\"elementor-post-author\">\n\t\t\tAtimil Plast\t\t<\/span>\n\t\t\t\t<\/div>\n\t\t\t\t\t<\/div>\n\t\t<\/article>\n\t\t\t\t<article class=\"elementor-post elementor-grid-item post-10722 post type-post status-publish format-standard has-post-thumbnail hentry category-atimil-plast\">\n\t\t\t<div class=\"elementor-post__card\">\n\t\t\t\t<a class=\"elementor-post__thumbnail__link\" href=\"https:\/\/atimilplast.com.br\/loja\/onde-comprar-caixa-plastica-372l-com-o-melhor-custo-beneficio\/\" tabindex=\"-1\" ><div class=\"elementor-post__thumbnail\"><img loading=\"lazy\" decoding=\"async\" width=\"1024\" height=\"1024\" src=\"https:\/\/atimilplast.com.br\/loja\/wp-content\/uploads\/2025\/09\/Onde-comprar-caixa-plastica-372L-com-o-melhor-custo-beneficio.jpeg\" class=\"attachment-full size-full wp-image-11357\" alt=\"Onde comprar caixa pl\u00e1stica 372L com o melhor custo-benef\u00edcio\" \/><\/div><\/a>\n\t\t\t\t<div class=\"elementor-post__badge\">Atimil Plast<\/div>\n\t\t\t\t<div class=\"elementor-post__text\">\n\t\t\t\t<h2 class=\"elementor-post__title\">\n\t\t\t<a href=\"https:\/\/atimilplast.com.br\/loja\/onde-comprar-caixa-plastica-372l-com-o-melhor-custo-beneficio\/\" >\n\t\t\t\tOnde comprar caixa pl\u00e1stica 372L com o melhor custo-benef\u00edcio\t\t\t<\/a>\n\t\t<\/h2>\n\t\t\t\t\t<div class=\"elementor-post__read-more-wrapper\">\n\t\t\n\t\t<a class=\"elementor-post__read-more\" href=\"https:\/\/atimilplast.com.br\/loja\/onde-comprar-caixa-plastica-372l-com-o-melhor-custo-beneficio\/\" aria-label=\"Read more about Onde comprar caixa pl\u00e1stica 372L com o melhor custo-benef\u00edcio\" tabindex=\"-1\" >\n\t\t\tSaiba mais\t\t<\/a>\n\n\t\t\t\t\t<\/div>\n\t\t\t\t<\/div>\n\t\t\t\t<div class=\"elementor-post__meta-data\">\n\t\t\t\t\t<span class=\"elementor-post-author\">\n\t\t\tAtimil Plast\t\t<\/span>\n\t\t\t\t<\/div>\n\t\t\t\t\t<\/div>\n\t\t<\/article>\n\t\t\t\t<\/div>\n\t\t\n\t\t\t\t<div class=\"e-load-more-anchor\" data-page=\"1\" data-max-page=\"3\" data-next-page=\"https:\/\/atimilplast.com.br\/loja\/wp-json\/wp\/v2\/pages\/9807\/page\/2\/\"><\/div>\n\t\t\t\t<nav class=\"elementor-pagination\" aria-label=\"Pagination\">\n\t\t\t<span aria-current=\"page\" class=\"page-numbers current\"><span class=\"elementor-screen-only\">Page<\/span>1<\/span>\n<a class=\"page-numbers\" href=\"https:\/\/atimilplast.com.br\/loja\/wp-json\/wp\/v2\/pages\/9807\/page\/2\/\"><span class=\"elementor-screen-only\">Page<\/span>2<\/a>\n<a class=\"page-numbers\" href=\"https:\/\/atimilplast.com.br\/loja\/wp-json\/wp\/v2\/pages\/9807\/page\/3\/\"><span class=\"elementor-screen-only\">Page<\/span>3<\/a>\t\t<\/nav>\n\t\t\t\t\t\t<\/div>\n\t\t\t\t<\/div>\n\t\t\t\t\t<\/div>\n\t\t\t\t<\/div>\n\t\t\t\t<\/div>\n\t\t","protected":false},"excerpt":{"rendered":"<p>Blog<\/p>\n","protected":false},"author":5,"featured_media":0,"parent":0,"menu_order":0,"comment_status":"closed","ping_status":"closed","template":"elementor_header_footer","meta":{"_acf_changed":false,"footnotes":""},"class_list":["post-9807","page","type-page","status-publish","hentry"],"acf":[],"_links":{"self":[{"href":"https:\/\/atimilplast.com.br\/loja\/wp-json\/wp\/v2\/pages\/9807","targetHints":{"allow":["GET"]}}],"collection":[{"href":"https:\/\/atimilplast.com.br\/loja\/wp-json\/wp\/v2\/pages"}],"about":[{"href":"https:\/\/atimilplast.com.br\/loja\/wp-json\/wp\/v2\/types\/page"}],"author":[{"embeddable":true,"href":"https:\/\/atimilplast.com.br\/loja\/wp-json\/wp\/v2\/users\/5"}],"replies":[{"embeddable":true,"href":"https:\/\/atimilplast.com.br\/loja\/wp-json\/wp\/v2\/comments?post=9807"}],"version-history":[{"count":43,"href":"https:\/\/atimilplast.com.br\/loja\/wp-json\/wp\/v2\/pages\/9807\/revisions"}],"predecessor-version":[{"id":11615,"href":"https:\/\/atimilplast.com.br\/loja\/wp-json\/wp\/v2\/pages\/9807\/revisions\/11615"}],"wp:attachment":[{"href":"https:\/\/atimilplast.com.br\/loja\/wp-json\/wp\/v2\/media?parent=9807"}],"curies":[{"name":"wp","href":"https:\/\/api.w.org\/{rel}","templated":true}]}}